{"id":718,"date":"2026-02-25T21:48:52","date_gmt":"2026-02-25T20:48:52","guid":{"rendered":"https:\/\/mmi-tarbes.fr\/TP_STRAT-2025-2026\/Maloungila-Adam\/Site\/?page_id=718"},"modified":"2026-03-11T12:35:55","modified_gmt":"2026-03-11T11:35:55","slug":"world-cafe-ia","status":"publish","type":"page","link":"https:\/\/mmi-tarbes.fr\/TP_STRAT-2025-2026\/Maloungila-Adam\/Site\/world-cafe-ia\/","title":{"rendered":"World Caf\u00e9 IA"},"content":{"rendered":"\t\t<div data-elementor-type=\"wp-page\" data-elementor-id=\"718\" class=\"elementor elementor-718\" data-elementor-post-type=\"page\">\n\t\t\t\t<div class=\"elementor-element elementor-element-3aeb06d e-flex e-con-boxed wpr-particle-no wpr-jarallax-no wpr-parallax-no wpr-sticky-section-no wpr-equal-height-no e-con e-parent\" data-id=\"3aeb06d\" data-element_type=\"container\" data-e-type=\"container\">\n\t\t\t\t\t<div class=\"e-con-inner\">\n\t\t\t\t<div class=\"elementor-element elementor-element-8be0fb9 elementor-widget elementor-widget-text-editor\" data-id=\"8be0fb9\" data-element_type=\"widget\" data-e-type=\"widget\" data-widget_type=\"text-editor.default\">\n\t\t\t\t\t\t\t\t\t<p><strong><em>Ce projet avait pour objectif d\u2019organiser une rencontre-d\u00e9bat autour de l\u2019intelligence artificielle, un sujet de plus en plus pr\u00e9sent dans notre quotidien. L\u2019\u00e9v\u00e9nement prenait la forme de plusieurs tables d\u2019\u00e9changes, chacune consacr\u00e9e \u00e0 une th\u00e9matique sp\u00e9cifique li\u00e9e \u00e0 l\u2019IA, afin de favoriser la r\u00e9flexion, le d\u00e9bat et le partage de connaissances.<\/em><\/strong><\/p><p><strong><em>L\u2019objectif principal \u00e9tait de r\u00e9unir des experts du domaine ainsi que des personnes curieuses ou novices, dans le but de croiser les points de vue, d\u2019encourager les \u00e9changes et de permettre aux participants de repartir plus inform\u00e9s sur les enjeux, les usages et les perspectives de l\u2019intelligence artificielle.<\/em><\/strong><br \/><strong><em>Cette rencontre se d\u00e9roulait au sein du b\u00e2timent nomm\u00e9 \u00ab Le Lien \u00bb, un lieu symbolisant le partage, la connexion et l\u2019\u00e9change.<\/em><\/strong><\/p><p><strong><em>Mon r\u00f4le consistait \u00e0 concevoir des supports de communication visuels et ludiques, tels que \u00ab Le mur de l\u2019IA \u00bb, permettant de recueillir les id\u00e9es, questionnements et opinions des participants, ainsi que des affiches g\u00e9n\u00e9rales d\u00e9clin\u00e9es par th\u00e9matiques, afin de structurer l\u2019\u00e9v\u00e9nement et d\u2019en faciliter la compr\u00e9hension.<\/em><\/strong><\/p>\t\t\t\t\t\t\t\t<\/div>\n\t\t\t\t\t<\/div>\n\t\t\t\t<\/div>\n\t\t<div class=\"elementor-element elementor-element-0e52b5f e-con-full e-flex wpr-particle-no wpr-jarallax-no wpr-parallax-no wpr-sticky-section-no wpr-equal-height-no e-con e-parent\" data-id=\"0e52b5f\" data-element_type=\"container\" data-e-type=\"container\">\n\t\t<div class=\"elementor-element elementor-element-30f99f0 e-con-full e-flex wpr-particle-no wpr-jarallax-no wpr-parallax-no wpr-sticky-section-no wpr-equal-height-no e-con e-child\" data-id=\"30f99f0\" data-element_type=\"container\" data-e-type=\"container\">\n\t\t\t\t<div class=\"elementor-element elementor-element-ba288b3 elementor-widget elementor-widget-image\" data-id=\"ba288b3\" data-element_type=\"widget\" data-e-type=\"widget\" data-widget_type=\"image.default\">\n\t\t\t\t\t\t\t\t\t\t\t\t\t\t\t<img fetchpriority=\"high\" decoding=\"async\" width=\"800\" height=\"334\" src=\"https:\/\/mmi-tarbes.fr\/TP_STRAT-2025-2026\/Maloungila-Adam\/Site\/wp-content\/uploads\/2026\/02\/siteinternetcafeia-1024x428.png\" class=\"attachment-large size-large wp-image-724\" alt=\"\" srcset=\"https:\/\/mmi-tarbes.fr\/TP_STRAT-2025-2026\/Maloungila-Adam\/Site\/wp-content\/uploads\/2026\/02\/siteinternetcafeia-1024x428.png 1024w, https:\/\/mmi-tarbes.fr\/TP_STRAT-2025-2026\/Maloungila-Adam\/Site\/wp-content\/uploads\/2026\/02\/siteinternetcafeia-300x125.png 300w, https:\/\/mmi-tarbes.fr\/TP_STRAT-2025-2026\/Maloungila-Adam\/Site\/wp-content\/uploads\/2026\/02\/siteinternetcafeia-768x321.png 768w, https:\/\/mmi-tarbes.fr\/TP_STRAT-2025-2026\/Maloungila-Adam\/Site\/wp-content\/uploads\/2026\/02\/siteinternetcafeia-1536x642.png 1536w, https:\/\/mmi-tarbes.fr\/TP_STRAT-2025-2026\/Maloungila-Adam\/Site\/wp-content\/uploads\/2026\/02\/siteinternetcafeia-500x209.png 500w, https:\/\/mmi-tarbes.fr\/TP_STRAT-2025-2026\/Maloungila-Adam\/Site\/wp-content\/uploads\/2026\/02\/siteinternetcafeia-800x335.png 800w, https:\/\/mmi-tarbes.fr\/TP_STRAT-2025-2026\/Maloungila-Adam\/Site\/wp-content\/uploads\/2026\/02\/siteinternetcafeia-1280x535.png 1280w, https:\/\/mmi-tarbes.fr\/TP_STRAT-2025-2026\/Maloungila-Adam\/Site\/wp-content\/uploads\/2026\/02\/siteinternetcafeia.png 1858w\" sizes=\"(max-width: 800px) 100vw, 800px\" \/>\t\t\t\t\t\t\t\t\t\t\t\t\t\t\t<\/div>\n\t\t\t\t<\/div>\n\t\t\t\t<\/div>\n\t\t<div class=\"elementor-element elementor-element-064b173 e-flex e-con-boxed wpr-particle-no wpr-jarallax-no wpr-parallax-no wpr-sticky-section-no wpr-equal-height-no e-con e-parent\" data-id=\"064b173\" data-element_type=\"container\" data-e-type=\"container\">\n\t\t\t\t\t<div class=\"e-con-inner\">\n\t\t\t\t<div class=\"elementor-element elementor-element-d609fab elementor-widget elementor-widget-text-editor\" data-id=\"d609fab\" data-element_type=\"widget\" data-e-type=\"widget\" data-widget_type=\"text-editor.default\">\n\t\t\t\t\t\t\t\t\t<p><em>extrait site internet world caf\u00e9 ia<\/em><\/p>\t\t\t\t\t\t\t\t<\/div>\n\t\t\t\t\t<\/div>\n\t\t\t\t<\/div>\n\t\t<div class=\"elementor-element elementor-element-3b3b07a e-flex e-con-boxed wpr-particle-no wpr-jarallax-no wpr-parallax-no wpr-sticky-section-no wpr-equal-height-no e-con e-parent\" data-id=\"3b3b07a\" data-element_type=\"container\" data-e-type=\"container\">\n\t\t\t\t\t<div class=\"e-con-inner\">\n\t\t\t\t<div class=\"elementor-element elementor-element-06a72a1 elementor-widget elementor-widget-image\" data-id=\"06a72a1\" data-element_type=\"widget\" data-e-type=\"widget\" data-widget_type=\"image.default\">\n\t\t\t\t\t\t\t\t\t\t\t\t\t\t\t<img decoding=\"async\" width=\"800\" height=\"488\" src=\"https:\/\/mmi-tarbes.fr\/TP_STRAT-2025-2026\/Maloungila-Adam\/Site\/wp-content\/uploads\/2026\/03\/priseoffciel-1024x625.png\" class=\"attachment-large size-large wp-image-769\" alt=\"\" srcset=\"https:\/\/mmi-tarbes.fr\/TP_STRAT-2025-2026\/Maloungila-Adam\/Site\/wp-content\/uploads\/2026\/03\/priseoffciel-1024x625.png 1024w, https:\/\/mmi-tarbes.fr\/TP_STRAT-2025-2026\/Maloungila-Adam\/Site\/wp-content\/uploads\/2026\/03\/priseoffciel-300x183.png 300w, https:\/\/mmi-tarbes.fr\/TP_STRAT-2025-2026\/Maloungila-Adam\/Site\/wp-content\/uploads\/2026\/03\/priseoffciel-768x469.png 768w, https:\/\/mmi-tarbes.fr\/TP_STRAT-2025-2026\/Maloungila-Adam\/Site\/wp-content\/uploads\/2026\/03\/priseoffciel-500x305.png 500w, https:\/\/mmi-tarbes.fr\/TP_STRAT-2025-2026\/Maloungila-Adam\/Site\/wp-content\/uploads\/2026\/03\/priseoffciel-800x488.png 800w, https:\/\/mmi-tarbes.fr\/TP_STRAT-2025-2026\/Maloungila-Adam\/Site\/wp-content\/uploads\/2026\/03\/priseoffciel.png 1217w\" sizes=\"(max-width: 800px) 100vw, 800px\" \/>\t\t\t\t\t\t\t\t\t\t\t\t\t\t\t<\/div>\n\t\t\t\t\t<\/div>\n\t\t\t\t<\/div>\n\t\t<div class=\"elementor-element elementor-element-5a75c0e e-flex e-con-boxed wpr-particle-no wpr-jarallax-no wpr-parallax-no wpr-sticky-section-no wpr-equal-height-no e-con e-parent\" data-id=\"5a75c0e\" data-element_type=\"container\" data-e-type=\"container\">\n\t\t\t\t\t<div class=\"e-con-inner\">\n\t\t\t\t<div class=\"elementor-element elementor-element-01ecbb1 elementor-widget-divider--view-line elementor-widget elementor-widget-divider\" data-id=\"01ecbb1\" data-element_type=\"widget\" data-e-type=\"widget\" data-widget_type=\"divider.default\">\n\t\t\t\t\t\t\t<div class=\"elementor-divider\">\n\t\t\t<span class=\"elementor-divider-separator\">\n\t\t\t\t\t\t<\/span>\n\t\t<\/div>\n\t\t\t\t\t\t<\/div>\n\t\t\t\t\t<\/div>\n\t\t\t\t<\/div>\n\t\t<div class=\"elementor-element elementor-element-de5f8a4 e-flex e-con-boxed wpr-particle-no wpr-jarallax-no wpr-parallax-no wpr-sticky-section-no wpr-equal-height-no e-con e-parent\" data-id=\"de5f8a4\" data-element_type=\"container\" data-e-type=\"container\">\n\t\t\t\t\t<div class=\"e-con-inner\">\n\t\t\t\t<div class=\"elementor-element elementor-element-779092f elementor-widget elementor-widget-image\" data-id=\"779092f\" data-element_type=\"widget\" data-e-type=\"widget\" data-widget_type=\"image.default\">\n\t\t\t\t\t\t\t\t\t\t\t\t\t\t\t<img decoding=\"async\" width=\"800\" height=\"235\" src=\"https:\/\/mmi-tarbes.fr\/TP_STRAT-2025-2026\/Maloungila-Adam\/Site\/wp-content\/uploads\/2026\/02\/affichejeuxscreen-1024x301.png\" class=\"attachment-large size-large wp-image-726\" alt=\"\" srcset=\"https:\/\/mmi-tarbes.fr\/TP_STRAT-2025-2026\/Maloungila-Adam\/Site\/wp-content\/uploads\/2026\/02\/affichejeuxscreen-1024x301.png 1024w, https:\/\/mmi-tarbes.fr\/TP_STRAT-2025-2026\/Maloungila-Adam\/Site\/wp-content\/uploads\/2026\/02\/affichejeuxscreen-300x88.png 300w, https:\/\/mmi-tarbes.fr\/TP_STRAT-2025-2026\/Maloungila-Adam\/Site\/wp-content\/uploads\/2026\/02\/affichejeuxscreen-768x226.png 768w, https:\/\/mmi-tarbes.fr\/TP_STRAT-2025-2026\/Maloungila-Adam\/Site\/wp-content\/uploads\/2026\/02\/affichejeuxscreen-500x147.png 500w, https:\/\/mmi-tarbes.fr\/TP_STRAT-2025-2026\/Maloungila-Adam\/Site\/wp-content\/uploads\/2026\/02\/affichejeuxscreen-800x235.png 800w, https:\/\/mmi-tarbes.fr\/TP_STRAT-2025-2026\/Maloungila-Adam\/Site\/wp-content\/uploads\/2026\/02\/affichejeuxscreen-1280x376.png 1280w, https:\/\/mmi-tarbes.fr\/TP_STRAT-2025-2026\/Maloungila-Adam\/Site\/wp-content\/uploads\/2026\/02\/affichejeuxscreen.png 1487w\" sizes=\"(max-width: 800px) 100vw, 800px\" \/>\t\t\t\t\t\t\t\t\t\t\t\t\t\t\t<\/div>\n\t\t\t\t\t<\/div>\n\t\t\t\t<\/div>\n\t\t<div class=\"elementor-element elementor-element-4b98d54 e-flex e-con-boxed wpr-particle-no wpr-jarallax-no wpr-parallax-no wpr-sticky-section-no wpr-equal-height-no e-con e-parent\" data-id=\"4b98d54\" data-element_type=\"container\" data-e-type=\"container\">\n\t\t\t\t\t<div class=\"e-con-inner\">\n\t\t\t\t<div class=\"elementor-element elementor-element-a7ae529 elementor-widget elementor-widget-text-editor\" data-id=\"a7ae529\" data-element_type=\"widget\" data-e-type=\"widget\" data-widget_type=\"text-editor.default\">\n\t\t\t\t\t\t\t\t\t<p><em>Affiche jeux des diff\u00e9rents th\u00e8mes<\/em><\/p>\t\t\t\t\t\t\t\t<\/div>\n\t\t\t\t\t<\/div>\n\t\t\t\t<\/div>\n\t\t<div class=\"elementor-element elementor-element-2e65af3 e-flex e-con-boxed wpr-particle-no wpr-jarallax-no wpr-parallax-no wpr-sticky-section-no wpr-equal-height-no e-con e-parent\" data-id=\"2e65af3\" data-element_type=\"container\" data-e-type=\"container\">\n\t\t\t\t\t<div class=\"e-con-inner\">\n\t\t\t\t<div class=\"elementor-element elementor-element-a42e3d9 elementor-widget elementor-widget-image\" data-id=\"a42e3d9\" data-element_type=\"widget\" data-e-type=\"widget\" data-widget_type=\"image.default\">\n\t\t\t\t\t\t\t\t\t\t\t\t\t\t\t<img loading=\"lazy\" decoding=\"async\" width=\"532\" height=\"702\" src=\"https:\/\/mmi-tarbes.fr\/TP_STRAT-2025-2026\/Maloungila-Adam\/Site\/wp-content\/uploads\/2026\/02\/Affiche-generale.png\" class=\"attachment-large size-large wp-image-727\" alt=\"\" srcset=\"https:\/\/mmi-tarbes.fr\/TP_STRAT-2025-2026\/Maloungila-Adam\/Site\/wp-content\/uploads\/2026\/02\/Affiche-generale.png 532w, https:\/\/mmi-tarbes.fr\/TP_STRAT-2025-2026\/Maloungila-Adam\/Site\/wp-content\/uploads\/2026\/02\/Affiche-generale-227x300.png 227w, https:\/\/mmi-tarbes.fr\/TP_STRAT-2025-2026\/Maloungila-Adam\/Site\/wp-content\/uploads\/2026\/02\/Affiche-generale-500x660.png 500w\" sizes=\"(max-width: 532px) 100vw, 532px\" \/>\t\t\t\t\t\t\t\t\t\t\t\t\t\t\t<\/div>\n\t\t\t\t\t<\/div>\n\t\t\t\t<\/div>\n\t\t<div class=\"elementor-element elementor-element-da5b42c e-flex e-con-boxed wpr-particle-no wpr-jarallax-no wpr-parallax-no wpr-sticky-section-no wpr-equal-height-no e-con e-parent\" data-id=\"da5b42c\" data-element_type=\"container\" data-e-type=\"container\">\n\t\t\t\t\t<div class=\"e-con-inner\">\n\t\t\t\t<div class=\"elementor-element elementor-element-87a6dc6 elementor-widget elementor-widget-text-editor\" data-id=\"87a6dc6\" data-element_type=\"widget\" data-e-type=\"widget\" data-widget_type=\"text-editor.default\">\n\t\t\t\t\t\t\t\t\t<p><em>Exemple d&rsquo;affiche g\u00e9n\u00e9rale<\/em><\/p>\t\t\t\t\t\t\t\t<\/div>\n\t\t\t\t\t<\/div>\n\t\t\t\t<\/div>\n\t\t<div class=\"elementor-element elementor-element-9c1fd75 e-flex e-con-boxed wpr-particle-no wpr-jarallax-no wpr-parallax-no wpr-sticky-section-no wpr-equal-height-no e-con e-parent\" data-id=\"9c1fd75\" data-element_type=\"container\" data-e-type=\"container\">\n\t\t\t\t\t<div class=\"e-con-inner\">\n\t\t\t\t<div class=\"elementor-element elementor-element-3eff6fc elementor-widget elementor-widget-text-editor\" data-id=\"3eff6fc\" data-element_type=\"widget\" data-e-type=\"widget\" data-widget_type=\"text-editor.default\">\n\t\t\t\t\t\t\t\t\t<h5 data-start=\"45\" data-end=\"175\"><em><strong>Lors de ce projet, j\u2019ai pu d\u00e9velopper de nombreuses comp\u00e9tences, notamment en gestion de projet et en organisation d\u2019\u00e9v\u00e9nements.<\/strong><\/em><\/h5><h5 data-start=\"177\" data-end=\"259\"><em><strong>J\u2019ai \u00e9galement appris \u00e0 animer et g\u00e9rer plusieurs d\u00e9bats lors d\u2019une table ronde.<\/strong><\/em><\/h5><h5 data-start=\"261\" data-end=\"422\"><em><strong>En parall\u00e8le, j\u2019ai renforc\u00e9 mes comp\u00e9tences techniques, notamment dans la cr\u00e9ation d\u2019affiches et de visuels \u00e0 l\u2019aide d\u2019outils tels qu\u2019Illustrator et Photoshop.<\/strong><\/em><\/h5><h5 data-start=\"424\" data-end=\"530\"><em><strong>Ce projet \u00e9tait riche et vari\u00e9, mais \u00e9galement tr\u00e8s exigeant sur les plans technique et organisationnel<\/strong><\/em>.<\/h5>\t\t\t\t\t\t\t\t<\/div>\n\t\t\t\t\t<\/div>\n\t\t\t\t<\/div>\n\t\t\t\t<\/div>\n\t\t","protected":false},"excerpt":{"rendered":"<p>Ce projet avait pour objectif d\u2019organiser une rencontre-d\u00e9bat autour de l\u2019intelligence artificielle, un sujet de plus en plus pr\u00e9sent dans notre quotidien. L\u2019\u00e9v\u00e9nement prenait la forme de plusieurs tables d\u2019\u00e9changes, chacune consacr\u00e9e \u00e0 une th\u00e9matique sp\u00e9cifique li\u00e9e \u00e0 l\u2019IA, afin de favoriser la r\u00e9flexion, le d\u00e9bat et le partage de connaissances. L\u2019objectif principal \u00e9tait de r\u00e9unir des experts du domaine ainsi que des personnes curieuses ou novices, dans le but de croiser les points de vue, d\u2019encourager les \u00e9changes et de permettre aux participants de repartir plus inform\u00e9s sur les enjeux, les usages et les perspectives de l\u2019intelligence artificielle.Cette rencontre se d\u00e9roulait au sein du b\u00e2timent nomm\u00e9 \u00ab Le Lien \u00bb, un lieu symbolisant le partage, la connexion et l\u2019\u00e9change. Mon r\u00f4le consistait \u00e0 concevoir des supports de communication visuels et ludiques, tels que \u00ab Le mur de l\u2019IA \u00bb, permettant de recueillir les id\u00e9es, questionnements et opinions des participants, ainsi que des affiches g\u00e9n\u00e9rales d\u00e9clin\u00e9es par th\u00e9matiques, afin de structurer l\u2019\u00e9v\u00e9nement et d\u2019en faciliter la compr\u00e9hension. extrait site internet world caf\u00e9 ia Affiche jeux des diff\u00e9rents th\u00e8mes Exemple d&rsquo;affiche g\u00e9n\u00e9rale Lors de ce projet, j\u2019ai pu d\u00e9velopper de nombreuses comp\u00e9tences, notamment en gestion de projet et en organisation d\u2019\u00e9v\u00e9nements. J\u2019ai \u00e9galement appris \u00e0 animer et g\u00e9rer plusieurs d\u00e9bats lors d\u2019une table ronde. En parall\u00e8le, j\u2019ai renforc\u00e9 mes comp\u00e9tences techniques, notamment dans la cr\u00e9ation d\u2019affiches et de visuels \u00e0 l\u2019aide d\u2019outils tels qu\u2019Illustrator et Photoshop. Ce projet \u00e9tait riche et vari\u00e9, mais \u00e9galement tr\u00e8s exigeant sur les plans technique et organisationnel.<\/p>\n","protected":false},"author":1,"featured_media":0,"parent":0,"menu_order":0,"comment_status":"closed","ping_status":"closed","template":"","meta":{"_vp_format_video_url":"","_vp_image_focal_point":[],"footnotes":""},"class_list":["post-718","page","type-page","status-publish","hentry"],"_links":{"self":[{"href":"https:\/\/mmi-tarbes.fr\/TP_STRAT-2025-2026\/Maloungila-Adam\/Site\/wp-json\/wp\/v2\/pages\/718","targetHints":{"allow":["GET"]}}],"collection":[{"href":"https:\/\/mmi-tarbes.fr\/TP_STRAT-2025-2026\/Maloungila-Adam\/Site\/wp-json\/wp\/v2\/pages"}],"about":[{"href":"https:\/\/mmi-tarbes.fr\/TP_STRAT-2025-2026\/Maloungila-Adam\/Site\/wp-json\/wp\/v2\/types\/page"}],"author":[{"embeddable":true,"href":"https:\/\/mmi-tarbes.fr\/TP_STRAT-2025-2026\/Maloungila-Adam\/Site\/wp-json\/wp\/v2\/users\/1"}],"replies":[{"embeddable":true,"href":"https:\/\/mmi-tarbes.fr\/TP_STRAT-2025-2026\/Maloungila-Adam\/Site\/wp-json\/wp\/v2\/comments?post=718"}],"version-history":[{"count":20,"href":"https:\/\/mmi-tarbes.fr\/TP_STRAT-2025-2026\/Maloungila-Adam\/Site\/wp-json\/wp\/v2\/pages\/718\/revisions"}],"predecessor-version":[{"id":884,"href":"https:\/\/mmi-tarbes.fr\/TP_STRAT-2025-2026\/Maloungila-Adam\/Site\/wp-json\/wp\/v2\/pages\/718\/revisions\/884"}],"wp:attachment":[{"href":"https:\/\/mmi-tarbes.fr\/TP_STRAT-2025-2026\/Maloungila-Adam\/Site\/wp-json\/wp\/v2\/media?parent=718"}],"curies":[{"name":"wp","href":"https:\/\/api.w.org\/{rel}","templated":true}]}}