{"id":158,"date":"2025-12-08T11:47:06","date_gmt":"2025-12-08T10:47:06","guid":{"rendered":"https:\/\/mmi-tarbes.fr\/TP_STRAT-2025-2026\/ENZO-JEAN-MARIE\/Site\/?page_id=158"},"modified":"2026-03-10T13:37:58","modified_gmt":"2026-03-10T12:37:58","slug":"a-propos","status":"publish","type":"page","link":"https:\/\/mmi-tarbes.fr\/TP_STRAT-2025-2026\/ENZO-JEAN-MARIE\/Site\/a-propos\/","title":{"rendered":"A propos"},"content":{"rendered":"\t\t<div data-elementor-type=\"wp-page\" data-elementor-id=\"158\" class=\"elementor elementor-158\" data-elementor-post-type=\"page\">\n\t\t\t\t<div class=\"elementor-element elementor-element-9f0968a e-flex e-con-boxed wpr-particle-no wpr-jarallax-no wpr-parallax-no wpr-sticky-section-no e-con e-parent\" data-id=\"9f0968a\" data-element_type=\"container\" data-e-type=\"container\" data-settings=\"{&quot;background_background&quot;:&quot;classic&quot;}\">\n\t\t\t\t\t<div class=\"e-con-inner\">\n\t\t\t\t<div class=\"elementor-element elementor-element-6557698 elementor-headline--style-rotate elementor-widget elementor-widget-animated-headline\" data-id=\"6557698\" data-element_type=\"widget\" data-e-type=\"widget\" data-settings=\"{&quot;headline_style&quot;:&quot;rotate&quot;,&quot;animation_type&quot;:&quot;blinds&quot;,&quot;rotating_text&quot;:&quot;Qui je suis ?&quot;,&quot;rotate_iteration_delay&quot;:2500}\" data-widget_type=\"animated-headline.default\">\n\t\t\t\t\t\t\t<h3 class=\"elementor-headline elementor-headline-animation-type-blinds elementor-headline-letters\">\n\t\t\t\t<span class=\"elementor-headline-dynamic-wrapper elementor-headline-text-wrapper\">\n\t\t\t\t\t<span class=\"elementor-headline-dynamic-text elementor-headline-text-active\">\n\t\t\t\tQui&nbsp;je&nbsp;suis&nbsp;?\t\t\t<\/span>\n\t\t\t\t\t\t<\/span>\n\t\t\t\t<\/h3>\n\t\t\t\t\t\t<\/div>\n\t\t\t\t<div class=\"elementor-element elementor-element-2083c21 elementor-invisible elementor-widget elementor-widget-text-editor\" data-id=\"2083c21\" data-element_type=\"widget\" data-e-type=\"widget\" data-settings=\"{&quot;_animation&quot;:&quot;fadeIn&quot;,&quot;_animation_delay&quot;:900}\" data-widget_type=\"text-editor.default\">\n\t\t\t\t\t\t\t\t\t<h4 data-start=\"182\" data-end=\"471\">Je m\u2019appelle Enzo Jean-Marie, dipl\u00f4m\u00e9 d\u2019un BUT M\u00e9tiers du Multim\u00e9dia et de l\u2019Internet (MMI), parcours Cr\u00e9ation Num\u00e9rique. Je poursuis actuellement une ann\u00e9e suppl\u00e9mentaire en parcours Communication, afin d\u2019\u00e9largir mes comp\u00e9tences et ma vision des m\u00e9tiers du multim\u00e9dia.<\/h4><h4 data-start=\"182\" data-end=\"471\">J\u2019ai une m\u00e9thode de travail plut\u00f4t autonome : j\u2019ai l\u2019habitude de mener des projets seul, tout en sachant m\u2019int\u00e9grer \u00e0 une \u00e9quipe et apporter un r\u00e9el soutien collectif.<br data-start=\"645\" data-end=\"648\" \/>Curieux et adaptable, je sais \u00e9voluer dans diff\u00e9rents environnements de travail et je porte une attention particuli\u00e8re \u00e0 la pr\u00e9cision et \u00e0 la qualit\u00e9 du rendu.<\/h4>\t\t\t\t\t\t\t\t<\/div>\n\t\t\t\t\t<\/div>\n\t\t\t\t<\/div>\n\t\t<div class=\"elementor-element elementor-element-41b23ca e-flex e-con-boxed wpr-particle-no wpr-jarallax-no wpr-parallax-no wpr-sticky-section-no e-con e-parent\" data-id=\"41b23ca\" data-element_type=\"container\" data-e-type=\"container\" data-settings=\"{&quot;background_background&quot;:&quot;classic&quot;}\">\n\t\t\t\t\t<div class=\"e-con-inner\">\n\t\t<div class=\"elementor-element elementor-element-b4ade42 e-grid e-con-boxed wpr-particle-no wpr-jarallax-no wpr-parallax-no wpr-sticky-section-no e-con e-child\" data-id=\"b4ade42\" data-element_type=\"container\" data-e-type=\"container\">\n\t\t\t\t\t<div class=\"e-con-inner\">\n\t\t\t\t<div class=\"elementor-element elementor-element-512c25b elementor-invisible elementor-widget elementor-widget-text-editor\" data-id=\"512c25b\" data-element_type=\"widget\" data-e-type=\"widget\" data-settings=\"{&quot;_animation&quot;:&quot;fadeIn&quot;}\" data-widget_type=\"text-editor.default\">\n\t\t\t\t\t\t\t\t\t<p>\u00a0<\/p><h1 data-start=\"482\" data-end=\"801\">Passionn\u00e9 par les univers visuels et narratifs<\/h1><h4 data-start=\"482\" data-end=\"801\">Je travaille sur des projets vari\u00e9s en montage vid\u00e9o, motion design, illustration, retouche graphique, ainsi qu&rsquo;an 3D et animation. J\u2019aime particuli\u00e8rement combiner ces diff\u00e9rents domaines pour cr\u00e9er des contenus coh\u00e9rents, immersifs et cr\u00e9atifs.<\/h4><h4 data-start=\"808\" data-end=\"1230\">Par ailleurs, je propose des services en communication visuelle, en vid\u00e9o, motion design et montage vid\u00e9o, pens\u00e9s pour valoriser une image, un message ou un projet. Que ce soit pour des vid\u00e9os promotionnelles, des contenus destin\u00e9s aux r\u00e9seaux sociaux ou des supports audiovisuels plus sp\u00e9cifiques, mon objectif est de cr\u00e9er des contenus clairs, attractifs et adapt\u00e9s \u00e0 leur diffusion.<\/h4><h4 data-start=\"1237\" data-end=\"1469\">\u00c0 plus long terme, j\u2019ai pour ambition de cr\u00e9er des contenus originaux avec une direction artistique orient\u00e9e vers les animations en Pixel Art, un style qui me passionne pour son identit\u00e9 visuelle forte et son potentiel cr\u00e9atif.<\/h4>\t\t\t\t\t\t\t\t<\/div>\n\t\t\t\t<div class=\"elementor-element elementor-element-440954c elementor-invisible elementor-widget elementor-widget-image\" data-id=\"440954c\" data-element_type=\"widget\" data-e-type=\"widget\" data-settings=\"{&quot;_animation&quot;:&quot;fadeInRight&quot;}\" data-widget_type=\"image.default\">\n\t\t\t\t\t\t\t\t\t\t\t\t\t\t\t<img fetchpriority=\"high\" decoding=\"async\" width=\"800\" height=\"800\" src=\"https:\/\/mmi-tarbes.fr\/TP_STRAT-2025-2026\/ENZO-JEAN-MARIE\/Site\/wp-content\/uploads\/2025\/12\/pixil-frame-0-1024x1024.png\" class=\"attachment-large size-large wp-image-626\" alt=\"\" srcset=\"https:\/\/mmi-tarbes.fr\/TP_STRAT-2025-2026\/ENZO-JEAN-MARIE\/Site\/wp-content\/uploads\/2025\/12\/pixil-frame-0-1024x1024.png 1024w, https:\/\/mmi-tarbes.fr\/TP_STRAT-2025-2026\/ENZO-JEAN-MARIE\/Site\/wp-content\/uploads\/2025\/12\/pixil-frame-0-300x300.png 300w, https:\/\/mmi-tarbes.fr\/TP_STRAT-2025-2026\/ENZO-JEAN-MARIE\/Site\/wp-content\/uploads\/2025\/12\/pixil-frame-0-150x150.png 150w, https:\/\/mmi-tarbes.fr\/TP_STRAT-2025-2026\/ENZO-JEAN-MARIE\/Site\/wp-content\/uploads\/2025\/12\/pixil-frame-0-768x768.png 768w, https:\/\/mmi-tarbes.fr\/TP_STRAT-2025-2026\/ENZO-JEAN-MARIE\/Site\/wp-content\/uploads\/2025\/12\/pixil-frame-0-1536x1536.png 1536w, https:\/\/mmi-tarbes.fr\/TP_STRAT-2025-2026\/ENZO-JEAN-MARIE\/Site\/wp-content\/uploads\/2025\/12\/pixil-frame-0-2048x2048.png 2048w\" sizes=\"(max-width: 800px) 100vw, 800px\" \/>\t\t\t\t\t\t\t\t\t\t\t\t\t\t\t<\/div>\n\t\t\t\t\t<\/div>\n\t\t\t\t<\/div>\n\t\t\t\t\t<\/div>\n\t\t\t\t<\/div>\n\t\t<div class=\"elementor-element elementor-element-0e384b2 e-flex e-con-boxed wpr-particle-no wpr-jarallax-no wpr-parallax-no wpr-sticky-section-no e-con e-parent\" data-id=\"0e384b2\" data-element_type=\"container\" data-e-type=\"container\">\n\t\t\t\t\t<div class=\"e-con-inner\">\n\t\t\t\t<div class=\"elementor-element elementor-element-bb99c7f elementor-widget elementor-widget-image\" data-id=\"bb99c7f\" data-element_type=\"widget\" data-e-type=\"widget\" data-widget_type=\"image.default\">\n\t\t\t\t\t\t\t\t\t\t\t\t\t\t\t<img decoding=\"async\" width=\"1241\" height=\"1755\" src=\"https:\/\/mmi-tarbes.fr\/TP_STRAT-2025-2026\/ENZO-JEAN-MARIE\/Site\/wp-content\/uploads\/2026\/03\/CV-Master-2026_page-0001-1.jpg\" class=\"attachment-full size-full wp-image-1292\" alt=\"\" srcset=\"https:\/\/mmi-tarbes.fr\/TP_STRAT-2025-2026\/ENZO-JEAN-MARIE\/Site\/wp-content\/uploads\/2026\/03\/CV-Master-2026_page-0001-1.jpg 1241w, https:\/\/mmi-tarbes.fr\/TP_STRAT-2025-2026\/ENZO-JEAN-MARIE\/Site\/wp-content\/uploads\/2026\/03\/CV-Master-2026_page-0001-1-212x300.jpg 212w, https:\/\/mmi-tarbes.fr\/TP_STRAT-2025-2026\/ENZO-JEAN-MARIE\/Site\/wp-content\/uploads\/2026\/03\/CV-Master-2026_page-0001-1-724x1024.jpg 724w, https:\/\/mmi-tarbes.fr\/TP_STRAT-2025-2026\/ENZO-JEAN-MARIE\/Site\/wp-content\/uploads\/2026\/03\/CV-Master-2026_page-0001-1-768x1086.jpg 768w, https:\/\/mmi-tarbes.fr\/TP_STRAT-2025-2026\/ENZO-JEAN-MARIE\/Site\/wp-content\/uploads\/2026\/03\/CV-Master-2026_page-0001-1-1086x1536.jpg 1086w\" sizes=\"(max-width: 1241px) 100vw, 1241px\" \/>\t\t\t\t\t\t\t\t\t\t\t\t\t\t\t<\/div>\n\t\t\t\t\t<\/div>\n\t\t\t\t<\/div>\n\t\t<div class=\"elementor-element elementor-element-c77e5a6 e-flex e-con-boxed wpr-particle-no wpr-jarallax-no wpr-parallax-no wpr-sticky-section-no e-con e-parent\" data-id=\"c77e5a6\" data-element_type=\"container\" data-e-type=\"container\">\n\t\t\t\t\t<div class=\"e-con-inner\">\n\t\t\t\t<div class=\"elementor-element elementor-element-b5f7ac8 elementor-align-center elementor-invisible elementor-widget elementor-widget-button\" data-id=\"b5f7ac8\" data-element_type=\"widget\" data-e-type=\"widget\" data-settings=\"{&quot;_animation&quot;:&quot;fadeInUp&quot;}\" data-widget_type=\"button.default\">\n\t\t\t\t\t\t\t\t\t\t<a class=\"elementor-button elementor-button-link elementor-size-sm elementor-animation-grow\" href=\"https:\/\/mmi-tarbes.fr\/TP_STRAT-2025-2026\/ENZO-JEAN-MARIE\/Site\/wp-content\/uploads\/2026\/03\/CV-Master-2026-1.pdf\">\n\t\t\t\t\t\t<span class=\"elementor-button-content-wrapper\">\n\t\t\t\t\t\t\t\t\t<span class=\"elementor-button-text\">T\u00e9l\u00e9charger mon CV en PDF<\/span>\n\t\t\t\t\t<\/span>\n\t\t\t\t\t<\/a>\n\t\t\t\t\t\t\t\t<\/div>\n\t\t\t\t\t<\/div>\n\t\t\t\t<\/div>\n\t\t\t\t<\/div>\n\t\t\n    <div class=\"xs_social_share_widget xs_share_url after_content \t\tmain_content  wslu-style-1 wslu-share-box-shaped wslu-fill-colored wslu-none wslu-share-horizontal wslu-theme-font-no wslu-main_content\">\n\n\t\t\n        <ul>\n\t\t\t        <\/ul>\n    <\/div> \n","protected":false},"excerpt":{"rendered":"<p>Qui&nbsp;je&nbsp;suis&nbsp;? Je m\u2019appelle Enzo Jean-Marie, dipl\u00f4m\u00e9 d\u2019un BUT M\u00e9tiers du Multim\u00e9dia et de l\u2019Internet (MMI), parcours Cr\u00e9ation Num\u00e9rique. Je poursuis actuellement une ann\u00e9e suppl\u00e9mentaire en parcours Communication, afin d\u2019\u00e9largir mes comp\u00e9tences et ma vision des m\u00e9tiers du multim\u00e9dia. J\u2019ai une m\u00e9thode de travail plut\u00f4t autonome : j\u2019ai l\u2019habitude de mener des projets seul, tout en sachant m\u2019int\u00e9grer \u00e0 une \u00e9quipe et apporter un r\u00e9el soutien collectif.Curieux et adaptable, je sais \u00e9voluer dans diff\u00e9rents environnements de travail et je porte une attention particuli\u00e8re \u00e0 la pr\u00e9cision et \u00e0 la qualit\u00e9 du rendu. \u00a0 Passionn\u00e9 par les univers visuels et narratifs Je travaille sur des projets vari\u00e9s en montage vid\u00e9o, motion design, illustration, retouche graphique, ainsi qu&rsquo;an 3D et animation. J\u2019aime particuli\u00e8rement combiner ces diff\u00e9rents domaines pour cr\u00e9er des contenus coh\u00e9rents, immersifs et cr\u00e9atifs. Par ailleurs, je propose des services en communication visuelle, en vid\u00e9o, motion design et montage vid\u00e9o, pens\u00e9s pour valoriser une image, un message ou un projet. Que ce soit pour des vid\u00e9os promotionnelles, des contenus destin\u00e9s aux r\u00e9seaux sociaux ou des supports audiovisuels plus sp\u00e9cifiques, mon objectif est de cr\u00e9er des contenus clairs, attractifs et adapt\u00e9s \u00e0 leur diffusion. \u00c0 plus long terme, j\u2019ai pour ambition de cr\u00e9er des contenus originaux avec une direction artistique orient\u00e9e vers les animations en Pixel Art, un style qui me passionne pour son identit\u00e9 visuelle forte et son potentiel cr\u00e9atif. T\u00e9l\u00e9charger mon CV en PDF<\/p>\n","protected":false},"author":1,"featured_media":0,"parent":0,"menu_order":0,"comment_status":"closed","ping_status":"closed","template":"elementor_theme","meta":{"postBodyCss":"","postBodyMargin":[],"postBodyPadding":[],"postBodyBackground":{"backgroundType":"classic","gradient":""},"footnotes":""},"class_list":["post-158","page","type-page","status-publish","hentry"],"_links":{"self":[{"href":"https:\/\/mmi-tarbes.fr\/TP_STRAT-2025-2026\/ENZO-JEAN-MARIE\/Site\/wp-json\/wp\/v2\/pages\/158","targetHints":{"allow":["GET"]}}],"collection":[{"href":"https:\/\/mmi-tarbes.fr\/TP_STRAT-2025-2026\/ENZO-JEAN-MARIE\/Site\/wp-json\/wp\/v2\/pages"}],"about":[{"href":"https:\/\/mmi-tarbes.fr\/TP_STRAT-2025-2026\/ENZO-JEAN-MARIE\/Site\/wp-json\/wp\/v2\/types\/page"}],"author":[{"embeddable":true,"href":"https:\/\/mmi-tarbes.fr\/TP_STRAT-2025-2026\/ENZO-JEAN-MARIE\/Site\/wp-json\/wp\/v2\/users\/1"}],"replies":[{"embeddable":true,"href":"https:\/\/mmi-tarbes.fr\/TP_STRAT-2025-2026\/ENZO-JEAN-MARIE\/Site\/wp-json\/wp\/v2\/comments?post=158"}],"version-history":[{"count":54,"href":"https:\/\/mmi-tarbes.fr\/TP_STRAT-2025-2026\/ENZO-JEAN-MARIE\/Site\/wp-json\/wp\/v2\/pages\/158\/revisions"}],"predecessor-version":[{"id":1307,"href":"https:\/\/mmi-tarbes.fr\/TP_STRAT-2025-2026\/ENZO-JEAN-MARIE\/Site\/wp-json\/wp\/v2\/pages\/158\/revisions\/1307"}],"wp:attachment":[{"href":"https:\/\/mmi-tarbes.fr\/TP_STRAT-2025-2026\/ENZO-JEAN-MARIE\/Site\/wp-json\/wp\/v2\/media?parent=158"}],"curies":[{"name":"wp","href":"https:\/\/api.w.org\/{rel}","templated":true}]}}