{"id":23,"date":"2024-09-12T09:13:30","date_gmt":"2024-09-12T07:13:30","guid":{"rendered":"https:\/\/mmi-tarbes.fr\/KellyPortfolio\/?page_id=23"},"modified":"2025-06-13T13:58:19","modified_gmt":"2025-06-13T11:58:19","slug":"experience","status":"publish","type":"page","link":"https:\/\/mmi-tarbes.fr\/KellyPortfolio\/experience\/","title":{"rendered":"Exp\u00e9rience"},"content":{"rendered":"\t\t<div data-elementor-type=\"wp-page\" data-elementor-id=\"23\" class=\"elementor elementor-23\" data-elementor-post-type=\"page\">\n\t\t\t\t<div class=\"elementor-element elementor-element-5d05e6a e-flex e-con-boxed wpr-particle-no wpr-jarallax-no wpr-parallax-no wpr-sticky-section-no e-con e-parent\" data-id=\"5d05e6a\" data-element_type=\"container\" data-e-type=\"container\">\n\t\t\t\t\t<div class=\"e-con-inner\">\n\t\t\t\t<div class=\"elementor-element elementor-element-6828b54 elementor-widget elementor-widget-heading\" data-id=\"6828b54\" data-element_type=\"widget\" data-e-type=\"widget\" data-widget_type=\"heading.default\">\n\t\t\t\t<div class=\"elementor-widget-container\">\n\t\t\t\t\t<h2 class=\"elementor-heading-title elementor-size-default\">L'exp\u00e9rience acquise pendant la formation<\/h2>\t\t\t\t<\/div>\n\t\t\t\t<\/div>\n\t\t\t\t\t<\/div>\n\t\t\t\t<\/div>\n\t\t<div class=\"elementor-element elementor-element-b997668 e-flex e-con-boxed wpr-particle-no wpr-jarallax-no wpr-parallax-no wpr-sticky-section-no e-con e-parent\" data-id=\"b997668\" data-element_type=\"container\" data-e-type=\"container\">\n\t\t\t\t\t<div class=\"e-con-inner\">\n\t\t\t\t<div class=\"elementor-element elementor-element-9184259 elementor-widget elementor-widget-heading\" data-id=\"9184259\" data-element_type=\"widget\" data-e-type=\"widget\" data-widget_type=\"heading.default\">\n\t\t\t\t<div class=\"elementor-widget-container\">\n\t\t\t\t\t<h2 class=\"elementor-heading-title elementor-size-default\">Les stages en MMI<\/h2>\t\t\t\t<\/div>\n\t\t\t\t<\/div>\n\t\t\t\t\t<\/div>\n\t\t\t\t<\/div>\n\t\t<div class=\"elementor-element elementor-element-210ff1e e-flex e-con-boxed wpr-particle-no wpr-jarallax-no wpr-parallax-no wpr-sticky-section-no e-con e-parent\" data-id=\"210ff1e\" data-element_type=\"container\" data-e-type=\"container\">\n\t\t\t\t\t<div class=\"e-con-inner\">\n\t\t\t\t<div class=\"elementor-element elementor-element-928f712 elementor-widget elementor-widget-text-editor\" data-id=\"928f712\" data-element_type=\"widget\" data-e-type=\"widget\" data-widget_type=\"text-editor.default\">\n\t\t\t\t<div class=\"elementor-widget-container\">\n\t\t\t\t\t\t\t\t\t<h5>Premi\u00e8re ann\u00e9e &#8211; Stage en communication dans une association<\/h5>\t\t\t\t\t\t\t\t<\/div>\n\t\t\t\t<\/div>\n\t\t\t\t\t<\/div>\n\t\t\t\t<\/div>\n\t\t<div class=\"elementor-element elementor-element-a9c3beb e-flex e-con-boxed wpr-particle-no wpr-jarallax-no wpr-parallax-no wpr-sticky-section-no e-con e-parent\" data-id=\"a9c3beb\" data-element_type=\"container\" data-e-type=\"container\">\n\t\t\t\t\t<div class=\"e-con-inner\">\n\t\t<div class=\"elementor-element elementor-element-230cc6a e-grid e-con-boxed wpr-particle-no wpr-jarallax-no wpr-parallax-no wpr-sticky-section-no e-con e-child\" data-id=\"230cc6a\" data-element_type=\"container\" data-e-type=\"container\">\n\t\t\t\t\t<div class=\"e-con-inner\">\n\t\t\t\t<div class=\"elementor-element elementor-element-71c7c10 elementor-widget elementor-widget-text-editor\" data-id=\"71c7c10\" data-element_type=\"widget\" data-e-type=\"widget\" data-widget_type=\"text-editor.default\">\n\t\t\t\t<div class=\"elementor-widget-container\">\n\t\t\t\t\t\t\t\t\t<p>Pendant mon stage dans une association environnementale, j&rsquo;\u00e9tais en charge de renforcer sa visibilit\u00e9 aupr\u00e8s du public. Mon premier d\u00e9fi a \u00e9t\u00e9 de prendre en main les r\u00e9seaux sociaux. J\u2019ai \u00e9labor\u00e9 des publications quotidiennes pour Facebook et Instagram, en mettant en avant les initiatives de l\u2019association, notamment des ateliers de sensibilisation et des \u00e9v\u00e9nements locaux.<\/p><p>L&rsquo;une de mes plus grandes contributions a \u00e9t\u00e9 l\u2019organisation d\u2019une pr\u00e9sentation des r\u00e9sidents. J&rsquo;ai con\u00e7u une s\u00e9rie de vid\u00e9os mettant en avant des t\u00e9moignages de b\u00e9n\u00e9voles et des actions concr\u00e8tes de l\u2019association.\u00a0<\/p><p>J\u2019ai \u00e9galement particip\u00e9 \u00e0 la r\u00e9daction de la newsletter mensuelle, en interviewant des b\u00e9n\u00e9voles et en mettant en avant les succ\u00e8s r\u00e9cents de l\u2019association.<\/p>\t\t\t\t\t\t\t\t<\/div>\n\t\t\t\t<\/div>\n\t\t\t\t<div class=\"elementor-element elementor-element-dcdb191 wpr-adv-slider-columns-1 wpr-adv-slider-columns--tablet1 wpr-adv-slider-columns--mobile1 wpr-adv-slides-to-scroll-1 wpr-slider-dots-horizontal elementor-widget elementor-widget-wpr-advanced-slider\" data-id=\"dcdb191\" data-element_type=\"widget\" data-e-type=\"widget\" data-settings=\"{&quot;slider_amount&quot;:1,&quot;slider_amount_tablet&quot;:1,&quot;slider_amount_mobile&quot;:1,&quot;slides_to_scroll&quot;:1,&quot;slider_loop&quot;:&quot;yes&quot;,&quot;slider_hide_video_content&quot;:&quot;yes&quot;,&quot;slider_video_btn_size&quot;:&quot;medium&quot;}\" data-widget_type=\"wpr-advanced-slider.default\">\n\t\t\t\t<div class=\"elementor-widget-container\">\n\t\t\t\t\t\n\t\t<!-- Advanced Slider -->\n\t\t<div class=\"wpr-advanced-slider-wrap\">\n\t\t\t\n\t\t\t<div class=\"wpr-advanced-slider\" dir=\"ltr\" data-slick=\"{&quot;rtl&quot;:false,&quot;infinite&quot;:true,&quot;speed&quot;:700,&quot;arrows&quot;:true,&quot;dots&quot;:true,&quot;autoplay&quot;:false,&quot;autoplaySpeed&quot;:0,&quot;pauseOnHover&quot;:&quot;&quot;,&quot;prevArrow&quot;:&quot;#wpr-slider-prev-dcdb191&quot;,&quot;nextArrow&quot;:&quot;#wpr-slider-next-dcdb191&quot;,&quot;vertical&quot;:false,&quot;adaptiveHeight&quot;:true}\" data-hide-video-content=\"yes\" data-video-btn-size=\"{&quot;widescreen&quot;:&quot;medium&quot;,&quot;desktop&quot;:&quot;medium&quot;,&quot;laptop&quot;:&quot;medium&quot;,&quot;tablet_extra&quot;:&quot;medium&quot;,&quot;tablet&quot;:&quot;medium&quot;,&quot;mobile_extra&quot;:&quot;medium&quot;,&quot;mobile&quot;:&quot;medium&quot;}\" data-slide-effect=\"slide\">\n\t\t\t\t<div class=\"wpr-slider-item elementor-repeater-item-b3b129a\"><div class=\"wpr-slider-item-bg \" style=\"background-image: url(https:\/\/mmi-tarbes.fr\/KellyPortfolio\/wp-content\/uploads\/2024\/12\/Capture-decran-2024-12-02-171649.png)\"><\/div><div class=\"wpr-slider-item-overlay\"><\/div><div class=\"wpr-cv-container\"><div class=\"wpr-cv-outer\"><div class=\"wpr-cv-inner\"><div class=\"wpr-slider-content\"><div class=\"wpr-slider-title\"><h2>Le Lien<\/h2><\/div><div class=\"wpr-slider-description\"><p>La d\u00e9couverte du milieu associatif<\/p><\/div><div class=\"wpr-slider-btns\"><a class=\"wpr-slider-primary-btn\" href=\"https:\/\/lelien-py.com\/\">Plus d&#039;informations<\/a><\/div><\/div><\/div><\/div><\/div><\/div><div class=\"wpr-slider-item elementor-repeater-item-6dd1c99\"><div class=\"wpr-slider-item-bg \" style=\"background-image: url(https:\/\/mmi-tarbes.fr\/KellyPortfolio\/wp-content\/uploads\/2024\/12\/IMG_0765-scaled.jpg)\"><\/div><div class=\"wpr-slider-item-overlay\"><\/div><div class=\"wpr-cv-container\"><div class=\"wpr-cv-outer\"><div class=\"wpr-cv-inner\"><div class=\"wpr-slider-content\"><div class=\"wpr-slider-title\"><h2>Les r\u00e9sidents<\/h2><\/div><div class=\"wpr-slider-btns\"><a class=\"wpr-slider-primary-btn\" href=\"https:\/\/lelien-py.com\/les-residents\/https:\/\/lelien-py.com\/les-residents\/\">C&#039;est ici !<\/a><\/div><\/div><\/div><\/div><\/div><\/div><div class=\"wpr-slider-item elementor-repeater-item-ad09069\"><div class=\"wpr-slider-item-bg \" style=\"background-image: url(https:\/\/mmi-tarbes.fr\/KellyPortfolio\/wp-content\/uploads\/2024\/12\/IMG_8667-scaled.jpg)\"><\/div><div class=\"wpr-slider-item-overlay\"><\/div><div class=\"wpr-cv-container\"><div class=\"wpr-cv-outer\"><div class=\"wpr-cv-inner\"><div class=\"wpr-slider-content\"><div class=\"wpr-slider-title\"><h2>Les \u00e9v\u00e9nements<\/h2><\/div><div class=\"wpr-slider-description\"><p> <\/p><\/div><div class=\"wpr-slider-btns\"><a class=\"wpr-slider-primary-btn\" href=\"https:\/\/lelien-py.com\/evenementiel\/\">Encore ici !<\/a><\/div><\/div><\/div><\/div><\/div><\/div>\t\t\t<\/div>\n\t\t\t<div class=\"wpr-slider-controls\">\n\t\t\t\t<div class=\"wpr-slider-dots\"><\/div>\n\t\t\t<\/div>\n\n\t\t\t<div class=\"wpr-slider-arrow-container\">\n\t\t\t\t<div class=\"wpr-slider-prev-arrow wpr-slider-arrow\" id=\"wpr-slider-prev-dcdb191\">\n\t\t\t\t\t<svg version=\"1.1\" xmlns=\"http:\/\/www.w3.org\/2000\/svg\" xmlns:xlink=\"http:\/\/www.w3.org\/1999\/xlink\" x=\"0px\" y=\"0px\" viewBox=\"0 0 283.4 512\" style=\"enable-background:new 0 0 283.4 512;\" xml:space=\"preserve\"><g><polygon class=\"st0\" points=\"54.5,256.3 283.4,485.1 256.1,512.5 0,256.3 0,256.3 27.2,229 256.1,0 283.4,27.4 \"\/><\/g><\/svg>\t\t\t\t<\/div>\n\t\t\t\t<div class=\"wpr-slider-next-arrow wpr-slider-arrow\" id=\"wpr-slider-next-dcdb191\">\n\t\t\t\t\t<svg version=\"1.1\" xmlns=\"http:\/\/www.w3.org\/2000\/svg\" xmlns:xlink=\"http:\/\/www.w3.org\/1999\/xlink\" x=\"0px\" y=\"0px\" viewBox=\"0 0 283.4 512\" style=\"enable-background:new 0 0 283.4 512;\" xml:space=\"preserve\"><g><polygon class=\"st0\" points=\"54.5,256.3 283.4,485.1 256.1,512.5 0,256.3 0,256.3 27.2,229 256.1,0 283.4,27.4 \"\/><\/g><\/svg>\t\t\t\t<\/div>\n\t\t\t<\/div>\n\t\t\t\n\t\t\t\n\t\t<\/div>\n\t\t\t\t\t\t<\/div>\n\t\t\t\t<\/div>\n\t\t\t\t\t<\/div>\n\t\t\t\t<\/div>\n\t\t\t\t\t<\/div>\n\t\t\t\t<\/div>\n\t\t<div class=\"elementor-element elementor-element-e4e1f49 e-flex e-con-boxed wpr-particle-no wpr-jarallax-no wpr-parallax-no wpr-sticky-section-no e-con e-parent\" data-id=\"e4e1f49\" data-element_type=\"container\" data-e-type=\"container\">\n\t\t\t\t\t<div class=\"e-con-inner\">\n\t\t\t\t<div class=\"elementor-element elementor-element-cf9672b elementor-widget__width-initial elementor-widget elementor-widget-text-editor\" data-id=\"cf9672b\" data-element_type=\"widget\" data-e-type=\"widget\" data-widget_type=\"text-editor.default\">\n\t\t\t\t<div class=\"elementor-widget-container\">\n\t\t\t\t\t\t\t\t\t<h5>Seconde ann\u00e9e &#8211; Stage en communication dans une <br \/>collectivit\u00e9 d\u00e9partementale<\/h5>\t\t\t\t\t\t\t\t<\/div>\n\t\t\t\t<\/div>\n\t\t\t\t<div class=\"elementor-element elementor-element-3adeccd elementor-widget elementor-widget-text-editor\" data-id=\"3adeccd\" data-element_type=\"widget\" data-e-type=\"widget\" data-widget_type=\"text-editor.default\">\n\t\t\t\t<div class=\"elementor-widget-container\">\n\t\t\t\t\t\t\t\t\t<h5>Troisi\u00e8me ann\u00e9e &#8211; Alternance en communication au D\u00e9partement<\/h5>\t\t\t\t\t\t\t\t<\/div>\n\t\t\t\t<\/div>\n\t\t\t\t\t<\/div>\n\t\t\t\t<\/div>\n\t\t<div class=\"elementor-element elementor-element-d162269 e-flex e-con-boxed wpr-particle-no wpr-jarallax-no wpr-parallax-no wpr-sticky-section-no e-con e-parent\" data-id=\"d162269\" data-element_type=\"container\" data-e-type=\"container\">\n\t\t\t\t\t<div class=\"e-con-inner\">\n\t\t<div class=\"elementor-element elementor-element-7df1af6 e-grid e-con-full wpr-particle-no wpr-jarallax-no wpr-parallax-no wpr-sticky-section-no e-con e-child\" data-id=\"7df1af6\" data-element_type=\"container\" data-e-type=\"container\">\n\t\t\t\t<div class=\"elementor-element elementor-element-bcdae32 elementor-widget elementor-widget-text-editor\" data-id=\"bcdae32\" data-element_type=\"widget\" data-e-type=\"widget\" data-widget_type=\"text-editor.default\">\n\t\t\t\t<div class=\"elementor-widget-container\">\n\t\t\t\t\t\t\t\t\t<p>Lors de mon stage au service communication d\u2019une collectivit\u00e9 d\u00e9partementale, j\u2019avais pour mission de contribuer \u00e0 la mise en \u0153uvre des actions de communication institutionnelle. Un des premiers projets auxquels j\u2019ai particip\u00e9 concernait l\u2019organisation d\u2019une campagne de sensibilisation sur la s\u00e9curit\u00e9 routi\u00e8re. J\u2019ai travaill\u00e9 sur la r\u00e9daction des supports de communication, comme les affiches et les flyers, et j&rsquo;ai collabor\u00e9 avec une \u00e9quipe pour cr\u00e9er une vid\u00e9o \u00e9ducative diffus\u00e9e sur les r\u00e9seaux sociaux et les \u00e9crans des b\u00e2timents publics.<\/p><div><p>En parall\u00e8le, j\u2019\u00e9tais \u00e9galement charg\u00e9 de g\u00e9rer la communication autour des \u00e9v\u00e9nements organis\u00e9s par le d\u00e9partement, comme des forums pour l\u2019emploi ou des expositions culturelles. J\u2019ai r\u00e9dig\u00e9 des communiqu\u00e9s de presse, g\u00e9r\u00e9 le site web du d\u00e9partement en publiant des actualit\u00e9s, et coordonn\u00e9 les relations avec les journalistes pour assurer une bonne couverture m\u00e9diatique de ces \u00e9v\u00e9nements. Cette exp\u00e9rience m\u2019a permis de d\u00e9velopper mes comp\u00e9tences r\u00e9dactionnelles et ma capacit\u00e9 \u00e0 g\u00e9rer plusieurs projets simultan\u00e9<\/p><\/div>\t\t\t\t\t\t\t\t<\/div>\n\t\t\t\t<\/div>\n\t\t\t\t<div class=\"elementor-element elementor-element-b734668 elementor-widget elementor-widget-text-editor\" data-id=\"b734668\" data-element_type=\"widget\" data-e-type=\"widget\" data-widget_type=\"text-editor.default\">\n\t\t\t\t<div class=\"elementor-widget-container\">\n\t\t\t\t\t\t\t\t\t<p>Pendant mon alternance \u00e0 la direction de la communication d\u2019une collectivit\u00e9 d\u00e9partementale, j\u2019ai eu l\u2019occasion de m\u2019impliquer dans des projets vari\u00e9s, touchant \u00e0 la fois \u00e0 la communication interne et externe. Mon r\u00f4le consistait principalement \u00e0 appuyer l\u2019\u00e9quipe dans la gestion des campagnes de communication, la cr\u00e9ation de contenus et l\u2019organisation d\u2019\u00e9v\u00e9nements institutionnels.<\/p><p>En parall\u00e8le, j&rsquo;ai contribu\u00e9 \u00e0 la gestion des r\u00e9seaux sociaux du d\u00e9partement. J\u2019ai con\u00e7u des publications pour promouvoir des \u00e9v\u00e9nements locaux et mettre en avant les actions men\u00e9es par la collectivit\u00e9, comme des forums de l\u2019emploi ou des initiatives culturelles. L&rsquo;une de mes missions r\u00e9guli\u00e8res \u00e9tait d&rsquo;assurer une veille m\u00e9diatique pour suivre l\u2019actualit\u00e9 locale et rep\u00e9rer les sujets \u00e0 valoriser.<\/p><p>Cette exp\u00e9rience en alternance m\u2019a permis de d\u00e9velopper une solide polyvalence en communication, tout en acqu\u00e9rant une vision concr\u00e8te du fonctionnement des collectivit\u00e9s territoriales et des enjeux de la communication publique.<\/p>\t\t\t\t\t\t\t\t<\/div>\n\t\t\t\t<\/div>\n\t\t\t\t<\/div>\n\t\t\t\t\t<\/div>\n\t\t\t\t<\/div>\n\t\t<div class=\"elementor-element elementor-element-ec13ed6 e-flex e-con-boxed wpr-particle-no wpr-jarallax-no wpr-parallax-no wpr-sticky-section-no e-con e-parent\" data-id=\"ec13ed6\" data-element_type=\"container\" data-e-type=\"container\">\n\t\t\t\t\t<div class=\"e-con-inner\">\n\t\t\t\t<div class=\"elementor-element elementor-element-85d4004 elementor-widget elementor-widget-gallery\" data-id=\"85d4004\" data-element_type=\"widget\" data-e-type=\"widget\" data-settings=\"{&quot;gallery_layout&quot;:&quot;masonry&quot;,&quot;lazyload&quot;:&quot;yes&quot;,&quot;columns&quot;:4,&quot;columns_tablet&quot;:2,&quot;columns_mobile&quot;:1,&quot;gap&quot;:{&quot;unit&quot;:&quot;px&quot;,&quot;size&quot;:10,&quot;sizes&quot;:[]},&quot;gap_tablet&quot;:{&quot;unit&quot;:&quot;px&quot;,&quot;size&quot;:10,&quot;sizes&quot;:[]},&quot;gap_mobile&quot;:{&quot;unit&quot;:&quot;px&quot;,&quot;size&quot;:10,&quot;sizes&quot;:[]},&quot;link_to&quot;:&quot;file&quot;,&quot;overlay_background&quot;:&quot;yes&quot;,&quot;content_hover_animation&quot;:&quot;fade-in&quot;}\" data-widget_type=\"gallery.default\">\n\t\t\t\t<div class=\"elementor-widget-container\">\n\t\t\t\t\t\t\t<div class=\"elementor-gallery__container\">\n\t\t\t\t\t\t\t<a class=\"e-gallery-item elementor-gallery-item elementor-animated-content\" href=\"https:\/\/mmi-tarbes.fr\/KellyPortfolio\/wp-content\/uploads\/2025\/01\/CD65_08343_WEB.jpg\" data-elementor-open-lightbox=\"yes\" data-elementor-lightbox-slideshow=\"85d4004\" data-elementor-lightbox-title=\"CD65_08343_WEB\" data-e-action-hash=\"#elementor-action%3Aaction%3Dlightbox%26settings%3DeyJpZCI6NTY5LCJ1cmwiOiJodHRwczpcL1wvbW1pLXRhcmJlcy5mclwvS2VsbHlQb3J0Zm9saW9cL3dwLWNvbnRlbnRcL3VwbG9hZHNcLzIwMjVcLzAxXC9DRDY1XzA4MzQzX1dFQi5qcGciLCJzbGlkZXNob3ciOiI4NWQ0MDA0In0%3D\">\n\t\t\t\t\t<div class=\"e-gallery-image elementor-gallery-item__image\" data-thumbnail=\"https:\/\/mmi-tarbes.fr\/KellyPortfolio\/wp-content\/uploads\/2025\/01\/CD65_08343_WEB-200x300.jpg\" data-width=\"200\" data-height=\"300\" aria-label=\"\" role=\"img\" ><\/div>\n\t\t\t\t\t\t\t\t\t\t\t<div class=\"elementor-gallery-item__overlay\"><\/div>\n\t\t\t\t\t\t\t\t\t\t\t\t\t\t<\/a>\n\t\t\t\t\t\t\t<a class=\"e-gallery-item elementor-gallery-item elementor-animated-content\" href=\"https:\/\/mmi-tarbes.fr\/KellyPortfolio\/wp-content\/uploads\/2025\/06\/CD65_11946_HD-scaled.jpg\" data-elementor-open-lightbox=\"yes\" data-elementor-lightbox-slideshow=\"85d4004\" data-elementor-lightbox-title=\"Abbaye de l&#039;Escaladieu - Salle capitulaire\" data-e-action-hash=\"#elementor-action%3Aaction%3Dlightbox%26settings%3DeyJpZCI6MTIxNywidXJsIjoiaHR0cHM6XC9cL21taS10YXJiZXMuZnJcL0tlbGx5UG9ydGZvbGlvXC93cC1jb250ZW50XC91cGxvYWRzXC8yMDI1XC8wNlwvQ0Q2NV8xMTk0Nl9IRC1zY2FsZWQuanBnIiwic2xpZGVzaG93IjoiODVkNDAwNCJ9\">\n\t\t\t\t\t<div class=\"e-gallery-image elementor-gallery-item__image\" data-thumbnail=\"https:\/\/mmi-tarbes.fr\/KellyPortfolio\/wp-content\/uploads\/2025\/06\/CD65_11946_HD-300x200.jpg\" data-width=\"300\" data-height=\"200\" aria-label=\"\" role=\"img\" ><\/div>\n\t\t\t\t\t\t\t\t\t\t\t<div class=\"elementor-gallery-item__overlay\"><\/div>\n\t\t\t\t\t\t\t\t\t\t\t\t\t\t<\/a>\n\t\t\t\t\t\t\t<a class=\"e-gallery-item elementor-gallery-item elementor-animated-content\" href=\"https:\/\/mmi-tarbes.fr\/KellyPortfolio\/wp-content\/uploads\/2025\/01\/CD65_10415_WEB.jpg\" data-elementor-open-lightbox=\"yes\" data-elementor-lightbox-slideshow=\"85d4004\" data-elementor-lightbox-title=\"Site de Pouey Laun - Arrens-Marsous\" data-e-action-hash=\"#elementor-action%3Aaction%3Dlightbox%26settings%3DeyJpZCI6NTY3LCJ1cmwiOiJodHRwczpcL1wvbW1pLXRhcmJlcy5mclwvS2VsbHlQb3J0Zm9saW9cL3dwLWNvbnRlbnRcL3VwbG9hZHNcLzIwMjVcLzAxXC9DRDY1XzEwNDE1X1dFQi5qcGciLCJzbGlkZXNob3ciOiI4NWQ0MDA0In0%3D\">\n\t\t\t\t\t<div class=\"e-gallery-image elementor-gallery-item__image\" data-thumbnail=\"https:\/\/mmi-tarbes.fr\/KellyPortfolio\/wp-content\/uploads\/2025\/01\/CD65_10415_WEB-300x200.jpg\" data-width=\"300\" data-height=\"200\" aria-label=\"\" role=\"img\" ><\/div>\n\t\t\t\t\t\t\t\t\t\t\t<div class=\"elementor-gallery-item__overlay\"><\/div>\n\t\t\t\t\t\t\t\t\t\t\t\t\t\t<\/a>\n\t\t\t\t\t\t\t<a class=\"e-gallery-item elementor-gallery-item elementor-animated-content\" href=\"https:\/\/mmi-tarbes.fr\/KellyPortfolio\/wp-content\/uploads\/2025\/06\/CD65_11512_HD-scaled.jpg\" data-elementor-open-lightbox=\"yes\" data-elementor-lightbox-slideshow=\"85d4004\" data-elementor-lightbox-title=\"Fete des troisiemes au Departement\" data-e-action-hash=\"#elementor-action%3Aaction%3Dlightbox%26settings%3DeyJpZCI6MTE5MiwidXJsIjoiaHR0cHM6XC9cL21taS10YXJiZXMuZnJcL0tlbGx5UG9ydGZvbGlvXC93cC1jb250ZW50XC91cGxvYWRzXC8yMDI1XC8wNlwvQ0Q2NV8xMTUxMl9IRC1zY2FsZWQuanBnIiwic2xpZGVzaG93IjoiODVkNDAwNCJ9\">\n\t\t\t\t\t<div class=\"e-gallery-image elementor-gallery-item__image\" data-thumbnail=\"https:\/\/mmi-tarbes.fr\/KellyPortfolio\/wp-content\/uploads\/2025\/06\/CD65_11512_HD-300x200.jpg\" data-width=\"300\" data-height=\"200\" aria-label=\"\" role=\"img\" ><\/div>\n\t\t\t\t\t\t\t\t\t\t\t<div class=\"elementor-gallery-item__overlay\"><\/div>\n\t\t\t\t\t\t\t\t\t\t\t\t\t\t<\/a>\n\t\t\t\t\t\t\t<a class=\"e-gallery-item elementor-gallery-item elementor-animated-content\" href=\"https:\/\/mmi-tarbes.fr\/KellyPortfolio\/wp-content\/uploads\/2025\/01\/CD65_08363_WEB.jpg\" data-elementor-open-lightbox=\"yes\" data-elementor-lightbox-slideshow=\"85d4004\" data-elementor-lightbox-title=\"Col du Tourmalet avant l&#039;ouverture de la route\" data-e-action-hash=\"#elementor-action%3Aaction%3Dlightbox%26settings%3DeyJpZCI6NTcwLCJ1cmwiOiJodHRwczpcL1wvbW1pLXRhcmJlcy5mclwvS2VsbHlQb3J0Zm9saW9cL3dwLWNvbnRlbnRcL3VwbG9hZHNcLzIwMjVcLzAxXC9DRDY1XzA4MzYzX1dFQi5qcGciLCJzbGlkZXNob3ciOiI4NWQ0MDA0In0%3D\">\n\t\t\t\t\t<div class=\"e-gallery-image elementor-gallery-item__image\" data-thumbnail=\"https:\/\/mmi-tarbes.fr\/KellyPortfolio\/wp-content\/uploads\/2025\/01\/CD65_08363_WEB-300x200.jpg\" data-width=\"300\" data-height=\"200\" aria-label=\"\" role=\"img\" ><\/div>\n\t\t\t\t\t\t\t\t\t\t\t<div class=\"elementor-gallery-item__overlay\"><\/div>\n\t\t\t\t\t\t\t\t\t\t\t\t\t\t<\/a>\n\t\t\t\t\t\t\t<a class=\"e-gallery-item elementor-gallery-item elementor-animated-content\" href=\"https:\/\/mmi-tarbes.fr\/KellyPortfolio\/wp-content\/uploads\/2025\/06\/CD65_11280_HD-scaled.jpg\" data-elementor-open-lightbox=\"yes\" data-elementor-lightbox-slideshow=\"85d4004\" data-elementor-lightbox-title=\"Installation de l&#039;oeuvre aux nouvelles archives departementales Eugene Tenot\" data-e-action-hash=\"#elementor-action%3Aaction%3Dlightbox%26settings%3DeyJpZCI6MTE4MiwidXJsIjoiaHR0cHM6XC9cL21taS10YXJiZXMuZnJcL0tlbGx5UG9ydGZvbGlvXC93cC1jb250ZW50XC91cGxvYWRzXC8yMDI1XC8wNlwvQ0Q2NV8xMTI4MF9IRC1zY2FsZWQuanBnIiwic2xpZGVzaG93IjoiODVkNDAwNCJ9\">\n\t\t\t\t\t<div class=\"e-gallery-image elementor-gallery-item__image\" data-thumbnail=\"https:\/\/mmi-tarbes.fr\/KellyPortfolio\/wp-content\/uploads\/2025\/06\/CD65_11280_HD-300x200.jpg\" data-width=\"300\" data-height=\"200\" aria-label=\"\" role=\"img\" ><\/div>\n\t\t\t\t\t\t\t\t\t\t\t<div class=\"elementor-gallery-item__overlay\"><\/div>\n\t\t\t\t\t\t\t\t\t\t\t\t\t\t<\/a>\n\t\t\t\t\t\t\t<a class=\"e-gallery-item elementor-gallery-item elementor-animated-content\" href=\"https:\/\/mmi-tarbes.fr\/KellyPortfolio\/wp-content\/uploads\/2025\/01\/CD65_08360_WEB.jpg\" data-elementor-open-lightbox=\"yes\" data-elementor-lightbox-slideshow=\"85d4004\" data-elementor-lightbox-title=\"Helicoptere du PGHM au Col du Tourmalet\" data-e-action-hash=\"#elementor-action%3Aaction%3Dlightbox%26settings%3DeyJpZCI6NTY0LCJ1cmwiOiJodHRwczpcL1wvbW1pLXRhcmJlcy5mclwvS2VsbHlQb3J0Zm9saW9cL3dwLWNvbnRlbnRcL3VwbG9hZHNcLzIwMjVcLzAxXC9DRDY1XzA4MzYwX1dFQi5qcGciLCJzbGlkZXNob3ciOiI4NWQ0MDA0In0%3D\">\n\t\t\t\t\t<div class=\"e-gallery-image elementor-gallery-item__image\" data-thumbnail=\"https:\/\/mmi-tarbes.fr\/KellyPortfolio\/wp-content\/uploads\/2025\/01\/CD65_08360_WEB-200x300.jpg\" data-width=\"200\" data-height=\"300\" aria-label=\"\" role=\"img\" ><\/div>\n\t\t\t\t\t\t\t\t\t\t\t<div class=\"elementor-gallery-item__overlay\"><\/div>\n\t\t\t\t\t\t\t\t\t\t\t\t\t\t<\/a>\n\t\t\t\t\t\t\t<a class=\"e-gallery-item elementor-gallery-item elementor-animated-content\" href=\"https:\/\/mmi-tarbes.fr\/KellyPortfolio\/wp-content\/uploads\/2025\/06\/CD65_11835_HD-scaled.jpg\" data-elementor-open-lightbox=\"yes\" data-elementor-lightbox-slideshow=\"85d4004\" data-elementor-lightbox-title=\"Abbaye de l&#039;Escaladieu\" data-e-action-hash=\"#elementor-action%3Aaction%3Dlightbox%26settings%3DeyJpZCI6MTIxMCwidXJsIjoiaHR0cHM6XC9cL21taS10YXJiZXMuZnJcL0tlbGx5UG9ydGZvbGlvXC93cC1jb250ZW50XC91cGxvYWRzXC8yMDI1XC8wNlwvQ0Q2NV8xMTgzNV9IRC1zY2FsZWQuanBnIiwic2xpZGVzaG93IjoiODVkNDAwNCJ9\">\n\t\t\t\t\t<div class=\"e-gallery-image elementor-gallery-item__image\" data-thumbnail=\"https:\/\/mmi-tarbes.fr\/KellyPortfolio\/wp-content\/uploads\/2025\/06\/CD65_11835_HD-200x300.jpg\" data-width=\"200\" data-height=\"300\" aria-label=\"\" role=\"img\" ><\/div>\n\t\t\t\t\t\t\t\t\t\t\t<div class=\"elementor-gallery-item__overlay\"><\/div>\n\t\t\t\t\t\t\t\t\t\t\t\t\t\t<\/a>\n\t\t\t\t\t\t\t<a class=\"e-gallery-item elementor-gallery-item elementor-animated-content\" href=\"https:\/\/mmi-tarbes.fr\/KellyPortfolio\/wp-content\/uploads\/2025\/06\/CD65_11945_HD-scaled.jpg\" data-elementor-open-lightbox=\"yes\" data-elementor-lightbox-slideshow=\"85d4004\" data-elementor-lightbox-title=\"Abbaye de l&#039;Escaladieu - Vitrail\" data-e-action-hash=\"#elementor-action%3Aaction%3Dlightbox%26settings%3DeyJpZCI6MTIxNiwidXJsIjoiaHR0cHM6XC9cL21taS10YXJiZXMuZnJcL0tlbGx5UG9ydGZvbGlvXC93cC1jb250ZW50XC91cGxvYWRzXC8yMDI1XC8wNlwvQ0Q2NV8xMTk0NV9IRC1zY2FsZWQuanBnIiwic2xpZGVzaG93IjoiODVkNDAwNCJ9\">\n\t\t\t\t\t<div class=\"e-gallery-image elementor-gallery-item__image\" data-thumbnail=\"https:\/\/mmi-tarbes.fr\/KellyPortfolio\/wp-content\/uploads\/2025\/06\/CD65_11945_HD-200x300.jpg\" data-width=\"200\" data-height=\"300\" aria-label=\"\" role=\"img\" ><\/div>\n\t\t\t\t\t\t\t\t\t\t\t<div class=\"elementor-gallery-item__overlay\"><\/div>\n\t\t\t\t\t\t\t\t\t\t\t\t\t\t<\/a>\n\t\t\t\t\t\t\t<a class=\"e-gallery-item elementor-gallery-item elementor-animated-content\" href=\"https:\/\/mmi-tarbes.fr\/KellyPortfolio\/wp-content\/uploads\/2025\/01\/CD65_10416_WEB.jpg\" data-elementor-open-lightbox=\"yes\" data-elementor-lightbox-slideshow=\"85d4004\" data-elementor-lightbox-title=\"Grange dans la montee du col du Soulor\" data-e-action-hash=\"#elementor-action%3Aaction%3Dlightbox%26settings%3DeyJpZCI6NTY4LCJ1cmwiOiJodHRwczpcL1wvbW1pLXRhcmJlcy5mclwvS2VsbHlQb3J0Zm9saW9cL3dwLWNvbnRlbnRcL3VwbG9hZHNcLzIwMjVcLzAxXC9DRDY1XzEwNDE2X1dFQi5qcGciLCJzbGlkZXNob3ciOiI4NWQ0MDA0In0%3D\">\n\t\t\t\t\t<div class=\"e-gallery-image elementor-gallery-item__image\" data-thumbnail=\"https:\/\/mmi-tarbes.fr\/KellyPortfolio\/wp-content\/uploads\/2025\/01\/CD65_10416_WEB-300x200.jpg\" data-width=\"300\" data-height=\"200\" aria-label=\"\" role=\"img\" ><\/div>\n\t\t\t\t\t\t\t\t\t\t\t<div class=\"elementor-gallery-item__overlay\"><\/div>\n\t\t\t\t\t\t\t\t\t\t\t\t\t\t<\/a>\n\t\t\t\t\t\t\t<a class=\"e-gallery-item elementor-gallery-item elementor-animated-content\" href=\"https:\/\/mmi-tarbes.fr\/KellyPortfolio\/wp-content\/uploads\/2025\/06\/CD65_11969_HD-scaled.jpg\" data-elementor-open-lightbox=\"yes\" data-elementor-lightbox-slideshow=\"85d4004\" data-elementor-lightbox-title=\"Abbaye de l&#039;Escaladieu - Salle capitulaire\" data-e-action-hash=\"#elementor-action%3Aaction%3Dlightbox%26settings%3DeyJpZCI6MTIyNiwidXJsIjoiaHR0cHM6XC9cL21taS10YXJiZXMuZnJcL0tlbGx5UG9ydGZvbGlvXC93cC1jb250ZW50XC91cGxvYWRzXC8yMDI1XC8wNlwvQ0Q2NV8xMTk2OV9IRC1zY2FsZWQuanBnIiwic2xpZGVzaG93IjoiODVkNDAwNCJ9\">\n\t\t\t\t\t<div class=\"e-gallery-image elementor-gallery-item__image\" data-thumbnail=\"https:\/\/mmi-tarbes.fr\/KellyPortfolio\/wp-content\/uploads\/2025\/06\/CD65_11969_HD-300x200.jpg\" data-width=\"300\" data-height=\"200\" aria-label=\"\" role=\"img\" ><\/div>\n\t\t\t\t\t\t\t\t\t\t\t<div class=\"elementor-gallery-item__overlay\"><\/div>\n\t\t\t\t\t\t\t\t\t\t\t\t\t\t<\/a>\n\t\t\t\t\t\t\t<a class=\"e-gallery-item elementor-gallery-item elementor-animated-content\" href=\"https:\/\/mmi-tarbes.fr\/KellyPortfolio\/wp-content\/uploads\/2025\/06\/CD65_11260_HD-scaled.jpg\" data-elementor-open-lightbox=\"yes\" data-elementor-lightbox-slideshow=\"85d4004\" data-elementor-lightbox-title=\"Installation de l&#039;oeuvre aux nouvelles archives departementales Eugene Tenot\" data-e-action-hash=\"#elementor-action%3Aaction%3Dlightbox%26settings%3DeyJpZCI6MTE3NiwidXJsIjoiaHR0cHM6XC9cL21taS10YXJiZXMuZnJcL0tlbGx5UG9ydGZvbGlvXC93cC1jb250ZW50XC91cGxvYWRzXC8yMDI1XC8wNlwvQ0Q2NV8xMTI2MF9IRC1zY2FsZWQuanBnIiwic2xpZGVzaG93IjoiODVkNDAwNCJ9\">\n\t\t\t\t\t<div class=\"e-gallery-image elementor-gallery-item__image\" data-thumbnail=\"https:\/\/mmi-tarbes.fr\/KellyPortfolio\/wp-content\/uploads\/2025\/06\/CD65_11260_HD-200x300.jpg\" data-width=\"200\" data-height=\"300\" aria-label=\"\" role=\"img\" ><\/div>\n\t\t\t\t\t\t\t\t\t\t\t<div class=\"elementor-gallery-item__overlay\"><\/div>\n\t\t\t\t\t\t\t\t\t\t\t\t\t\t<\/a>\n\t\t\t\t\t\t\t<a class=\"e-gallery-item elementor-gallery-item elementor-animated-content\" href=\"https:\/\/mmi-tarbes.fr\/KellyPortfolio\/wp-content\/uploads\/2025\/06\/CD65_11985_HD-scaled.jpg\" data-elementor-open-lightbox=\"yes\" data-elementor-lightbox-slideshow=\"85d4004\" data-elementor-lightbox-title=\"Abbaye de l&#039;Escaladieu exterieurs\" data-e-action-hash=\"#elementor-action%3Aaction%3Dlightbox%26settings%3DeyJpZCI6MTIzMiwidXJsIjoiaHR0cHM6XC9cL21taS10YXJiZXMuZnJcL0tlbGx5UG9ydGZvbGlvXC93cC1jb250ZW50XC91cGxvYWRzXC8yMDI1XC8wNlwvQ0Q2NV8xMTk4NV9IRC1zY2FsZWQuanBnIiwic2xpZGVzaG93IjoiODVkNDAwNCJ9\">\n\t\t\t\t\t<div class=\"e-gallery-image elementor-gallery-item__image\" data-thumbnail=\"https:\/\/mmi-tarbes.fr\/KellyPortfolio\/wp-content\/uploads\/2025\/06\/CD65_11985_HD-300x200.jpg\" data-width=\"300\" data-height=\"200\" aria-label=\"\" role=\"img\" ><\/div>\n\t\t\t\t\t\t\t\t\t\t\t<div class=\"elementor-gallery-item__overlay\"><\/div>\n\t\t\t\t\t\t\t\t\t\t\t\t\t\t<\/a>\n\t\t\t\t\t\t\t<a class=\"e-gallery-item elementor-gallery-item elementor-animated-content\" href=\"https:\/\/mmi-tarbes.fr\/KellyPortfolio\/wp-content\/uploads\/2025\/06\/CD65_11265_HD-scaled.jpg\" data-elementor-open-lightbox=\"yes\" data-elementor-lightbox-slideshow=\"85d4004\" data-elementor-lightbox-title=\"Installation de l&#039;oeuvre aux nouvelles archives departementales Eugene Tenot\" data-e-action-hash=\"#elementor-action%3Aaction%3Dlightbox%26settings%3DeyJpZCI6MTE3OSwidXJsIjoiaHR0cHM6XC9cL21taS10YXJiZXMuZnJcL0tlbGx5UG9ydGZvbGlvXC93cC1jb250ZW50XC91cGxvYWRzXC8yMDI1XC8wNlwvQ0Q2NV8xMTI2NV9IRC1zY2FsZWQuanBnIiwic2xpZGVzaG93IjoiODVkNDAwNCJ9\">\n\t\t\t\t\t<div class=\"e-gallery-image elementor-gallery-item__image\" data-thumbnail=\"https:\/\/mmi-tarbes.fr\/KellyPortfolio\/wp-content\/uploads\/2025\/06\/CD65_11265_HD-300x200.jpg\" data-width=\"300\" data-height=\"200\" aria-label=\"\" role=\"img\" ><\/div>\n\t\t\t\t\t\t\t\t\t\t\t<div class=\"elementor-gallery-item__overlay\"><\/div>\n\t\t\t\t\t\t\t\t\t\t\t\t\t\t<\/a>\n\t\t\t\t\t\t\t<a class=\"e-gallery-item elementor-gallery-item elementor-animated-content\" href=\"https:\/\/mmi-tarbes.fr\/KellyPortfolio\/wp-content\/uploads\/2025\/06\/CD65_11824_HD-scaled.jpg\" data-elementor-open-lightbox=\"yes\" data-elementor-lightbox-slideshow=\"85d4004\" data-elementor-lightbox-title=\"Abbaye de l&#039;Escaladieu\" data-e-action-hash=\"#elementor-action%3Aaction%3Dlightbox%26settings%3DeyJpZCI6MTIwNCwidXJsIjoiaHR0cHM6XC9cL21taS10YXJiZXMuZnJcL0tlbGx5UG9ydGZvbGlvXC93cC1jb250ZW50XC91cGxvYWRzXC8yMDI1XC8wNlwvQ0Q2NV8xMTgyNF9IRC1zY2FsZWQuanBnIiwic2xpZGVzaG93IjoiODVkNDAwNCJ9\">\n\t\t\t\t\t<div class=\"e-gallery-image elementor-gallery-item__image\" data-thumbnail=\"https:\/\/mmi-tarbes.fr\/KellyPortfolio\/wp-content\/uploads\/2025\/06\/CD65_11824_HD-300x200.jpg\" data-width=\"300\" data-height=\"200\" aria-label=\"\" role=\"img\" ><\/div>\n\t\t\t\t\t\t\t\t\t\t\t<div class=\"elementor-gallery-item__overlay\"><\/div>\n\t\t\t\t\t\t\t\t\t\t\t\t\t\t<\/a>\n\t\t\t\t\t\t\t<a class=\"e-gallery-item elementor-gallery-item elementor-animated-content\" href=\"https:\/\/mmi-tarbes.fr\/KellyPortfolio\/wp-content\/uploads\/2025\/06\/CD65_11980_HD-scaled.jpg\" data-elementor-open-lightbox=\"yes\" data-elementor-lightbox-slideshow=\"85d4004\" data-elementor-lightbox-title=\"Abbaye de l&#039;Escaladieu exterieurs\" data-e-action-hash=\"#elementor-action%3Aaction%3Dlightbox%26settings%3DeyJpZCI6MTIzMSwidXJsIjoiaHR0cHM6XC9cL21taS10YXJiZXMuZnJcL0tlbGx5UG9ydGZvbGlvXC93cC1jb250ZW50XC91cGxvYWRzXC8yMDI1XC8wNlwvQ0Q2NV8xMTk4MF9IRC1zY2FsZWQuanBnIiwic2xpZGVzaG93IjoiODVkNDAwNCJ9\">\n\t\t\t\t\t<div class=\"e-gallery-image elementor-gallery-item__image\" data-thumbnail=\"https:\/\/mmi-tarbes.fr\/KellyPortfolio\/wp-content\/uploads\/2025\/06\/CD65_11980_HD-300x200.jpg\" data-width=\"300\" data-height=\"200\" aria-label=\"\" role=\"img\" ><\/div>\n\t\t\t\t\t\t\t\t\t\t\t<div class=\"elementor-gallery-item__overlay\"><\/div>\n\t\t\t\t\t\t\t\t\t\t\t\t\t\t<\/a>\n\t\t\t\t\t\t\t<a class=\"e-gallery-item elementor-gallery-item elementor-animated-content\" href=\"https:\/\/mmi-tarbes.fr\/KellyPortfolio\/wp-content\/uploads\/2025\/06\/CD65_11986_HD-scaled.jpg\" data-elementor-open-lightbox=\"yes\" data-elementor-lightbox-slideshow=\"85d4004\" data-elementor-lightbox-title=\"CD65_11986_HD\" data-e-action-hash=\"#elementor-action%3Aaction%3Dlightbox%26settings%3DeyJpZCI6MTIzMywidXJsIjoiaHR0cHM6XC9cL21taS10YXJiZXMuZnJcL0tlbGx5UG9ydGZvbGlvXC93cC1jb250ZW50XC91cGxvYWRzXC8yMDI1XC8wNlwvQ0Q2NV8xMTk4Nl9IRC1zY2FsZWQuanBnIiwic2xpZGVzaG93IjoiODVkNDAwNCJ9\">\n\t\t\t\t\t<div class=\"e-gallery-image elementor-gallery-item__image\" data-thumbnail=\"https:\/\/mmi-tarbes.fr\/KellyPortfolio\/wp-content\/uploads\/2025\/06\/CD65_11986_HD-200x300.jpg\" data-width=\"200\" data-height=\"300\" aria-label=\"\" role=\"img\" ><\/div>\n\t\t\t\t\t\t\t\t\t\t\t<div class=\"elementor-gallery-item__overlay\"><\/div>\n\t\t\t\t\t\t\t\t\t\t\t\t\t\t<\/a>\n\t\t\t\t\t<\/div>\n\t\t\t\t\t<\/div>\n\t\t\t\t<\/div>\n\t\t\t\t\t<\/div>\n\t\t\t\t<\/div>\n\t\t\t\t<\/div>\n\t\t","protected":false},"excerpt":{"rendered":"<p>L&rsquo;exp\u00e9rience acquise pendant la formation Les stages en MMI Premi\u00e8re ann\u00e9e &#8211; Stage en communication dans une association Pendant mon stage dans une association environnementale, j&rsquo;\u00e9tais en charge de renforcer sa visibilit\u00e9 aupr\u00e8s du public. Mon premier d\u00e9fi a \u00e9t\u00e9 de prendre en main les r\u00e9seaux sociaux. J\u2019ai \u00e9labor\u00e9 des publications quotidiennes pour Facebook et Instagram, en mettant en avant les initiatives de l\u2019association, notamment des ateliers de sensibilisation et des \u00e9v\u00e9nements locaux. L&rsquo;une de mes plus grandes contributions a \u00e9t\u00e9 l\u2019organisation d\u2019une pr\u00e9sentation des r\u00e9sidents. J&rsquo;ai con\u00e7u une s\u00e9rie de vid\u00e9os mettant en avant des t\u00e9moignages de b\u00e9n\u00e9voles et des actions concr\u00e8tes de l\u2019association.\u00a0 J\u2019ai \u00e9galement particip\u00e9 \u00e0 la r\u00e9daction de la newsletter mensuelle, en interviewant des b\u00e9n\u00e9voles et en mettant en avant les succ\u00e8s r\u00e9cents de l\u2019association. Le Lien La d\u00e9couverte du milieu associatif Plus d&#039;informations Les r\u00e9sidents C&#039;est ici ! Les \u00e9v\u00e9nements Encore ici ! Seconde ann\u00e9e &#8211; Stage en communication dans une collectivit\u00e9 d\u00e9partementale Troisi\u00e8me ann\u00e9e &#8211; Alternance en communication au D\u00e9partement Lors de mon stage au service communication d\u2019une collectivit\u00e9 d\u00e9partementale, j\u2019avais pour mission de contribuer \u00e0 la mise en \u0153uvre des actions de communication institutionnelle. Un des premiers projets auxquels j\u2019ai particip\u00e9 concernait l\u2019organisation d\u2019une campagne de sensibilisation sur la s\u00e9curit\u00e9 routi\u00e8re. J\u2019ai travaill\u00e9 sur la r\u00e9daction des supports de communication, comme les affiches et les flyers, et j&rsquo;ai collabor\u00e9 avec une \u00e9quipe pour cr\u00e9er une vid\u00e9o \u00e9ducative diffus\u00e9e sur les r\u00e9seaux sociaux et les \u00e9crans des b\u00e2timents publics. En parall\u00e8le, j\u2019\u00e9tais \u00e9galement charg\u00e9 de g\u00e9rer la communication autour des \u00e9v\u00e9nements organis\u00e9s par le d\u00e9partement, comme des forums pour l\u2019emploi ou des expositions culturelles. J\u2019ai r\u00e9dig\u00e9 des communiqu\u00e9s de presse, g\u00e9r\u00e9 le site web du d\u00e9partement en publiant des actualit\u00e9s, et coordonn\u00e9 les relations avec les journalistes pour assurer une bonne couverture m\u00e9diatique de ces \u00e9v\u00e9nements. Cette exp\u00e9rience m\u2019a permis de d\u00e9velopper mes comp\u00e9tences r\u00e9dactionnelles et ma capacit\u00e9 \u00e0 g\u00e9rer plusieurs projets simultan\u00e9 Pendant mon alternance \u00e0 la direction de la communication d\u2019une collectivit\u00e9 d\u00e9partementale, j\u2019ai eu l\u2019occasion de m\u2019impliquer dans des projets vari\u00e9s, touchant \u00e0 la fois \u00e0 la communication interne et externe. Mon r\u00f4le consistait principalement \u00e0 appuyer l\u2019\u00e9quipe dans la gestion des campagnes de communication, la cr\u00e9ation de contenus et l\u2019organisation d\u2019\u00e9v\u00e9nements institutionnels. En parall\u00e8le, j&rsquo;ai contribu\u00e9 \u00e0 la gestion des r\u00e9seaux sociaux du d\u00e9partement. J\u2019ai con\u00e7u des publications pour promouvoir des \u00e9v\u00e9nements locaux et mettre en avant les actions men\u00e9es par la collectivit\u00e9, comme des forums de l\u2019emploi ou des initiatives culturelles. L&rsquo;une de mes missions r\u00e9guli\u00e8res \u00e9tait d&rsquo;assurer une veille m\u00e9diatique pour suivre l\u2019actualit\u00e9 locale et rep\u00e9rer les sujets \u00e0 valoriser. Cette exp\u00e9rience en alternance m\u2019a permis de d\u00e9velopper une solide polyvalence en communication, tout en acqu\u00e9rant une vision concr\u00e8te du fonctionnement des collectivit\u00e9s territoriales et des enjeux de la communication publique.<\/p>\n","protected":false},"author":1,"featured_media":0,"parent":0,"menu_order":0,"comment_status":"closed","ping_status":"closed","template":"","meta":{"footnotes":""},"class_list":["post-23","page","type-page","status-publish","hentry"],"_links":{"self":[{"href":"https:\/\/mmi-tarbes.fr\/KellyPortfolio\/wp-json\/wp\/v2\/pages\/23","targetHints":{"allow":["GET"]}}],"collection":[{"href":"https:\/\/mmi-tarbes.fr\/KellyPortfolio\/wp-json\/wp\/v2\/pages"}],"about":[{"href":"https:\/\/mmi-tarbes.fr\/KellyPortfolio\/wp-json\/wp\/v2\/types\/page"}],"author":[{"embeddable":true,"href":"https:\/\/mmi-tarbes.fr\/KellyPortfolio\/wp-json\/wp\/v2\/users\/1"}],"replies":[{"embeddable":true,"href":"https:\/\/mmi-tarbes.fr\/KellyPortfolio\/wp-json\/wp\/v2\/comments?post=23"}],"version-history":[{"count":115,"href":"https:\/\/mmi-tarbes.fr\/KellyPortfolio\/wp-json\/wp\/v2\/pages\/23\/revisions"}],"predecessor-version":[{"id":1239,"href":"https:\/\/mmi-tarbes.fr\/KellyPortfolio\/wp-json\/wp\/v2\/pages\/23\/revisions\/1239"}],"wp:attachment":[{"href":"https:\/\/mmi-tarbes.fr\/KellyPortfolio\/wp-json\/wp\/v2\/media?parent=23"}],"curies":[{"name":"wp","href":"https:\/\/api.w.org\/{rel}","templated":true}]}}