{"id":555,"date":"2025-01-19T02:06:34","date_gmt":"2025-01-19T01:06:34","guid":{"rendered":"https:\/\/mmi-tarbes.fr\/JorgePortfolio\/?page_id=555"},"modified":"2025-03-15T01:20:19","modified_gmt":"2025-03-15T00:20:19","slug":"livre","status":"publish","type":"page","link":"https:\/\/mmi-tarbes.fr\/JorgePortfolio\/livre\/","title":{"rendered":"Livre"},"content":{"rendered":"\t\t<div data-elementor-type=\"wp-page\" data-elementor-id=\"555\" class=\"elementor elementor-555\" data-elementor-post-type=\"page\">\n\t\t\t\t<div class=\"elementor-element elementor-element-4ffbbc5 e-flex e-con-boxed e-con e-parent\" data-id=\"4ffbbc5\" data-element_type=\"container\">\n\t\t\t\t\t<div class=\"e-con-inner\">\n\t\t\t\t<div class=\"elementor-element elementor-element-bb48593 elementor-widget elementor-widget-heading\" data-id=\"bb48593\" data-element_type=\"widget\" data-widget_type=\"heading.default\">\n\t\t\t\t<div class=\"elementor-widget-container\">\n\t\t\t<h1 class=\"elementor-heading-title elementor-size-default\">Illustration d'histoires pour enfants (Avril 2024)<\/h1>\t\t<\/div>\n\t\t\t\t<\/div>\n\t\t\t\t<div class=\"elementor-element elementor-element-ab9a5ab elementor-align-right elementor-widget elementor-widget-button\" data-id=\"ab9a5ab\" data-element_type=\"widget\" data-widget_type=\"button.default\">\n\t\t\t\t<div class=\"elementor-widget-container\">\n\t\t\t\t\t<div class=\"elementor-button-wrapper\">\n\t\t\t<a class=\"elementor-button elementor-button-link elementor-size-sm\" href=\"\/JorgePortfolio\/portfolio\/design-et-illustration-editorial\/\">\n\t\t\t\t\t\t<span class=\"elementor-button-content-wrapper\">\n\t\t\t\t\t\t\t\t\t<span class=\"elementor-button-text\"><<\/span>\n\t\t\t\t\t<\/span>\n\t\t\t\t\t<\/a>\n\t\t<\/div>\n\t\t\t\t<\/div>\n\t\t\t\t<\/div>\n\t\t\t\t\t<\/div>\n\t\t\t\t<\/div>\n\t\t<div class=\"elementor-element elementor-element-8e100cb e-flex e-con-boxed e-con e-parent\" data-id=\"8e100cb\" data-element_type=\"container\">\n\t\t\t\t\t<div class=\"e-con-inner\">\n\t\t<div class=\"elementor-element elementor-element-06d65a7 e-con-full e-flex e-con e-child\" data-id=\"06d65a7\" data-element_type=\"container\">\n\t\t\t\t<div class=\"elementor-element elementor-element-7ac2dfe elementor-widget elementor-widget-text-editor\" data-id=\"7ac2dfe\" data-element_type=\"widget\" data-widget_type=\"text-editor.default\">\n\t\t\t\t<div class=\"elementor-widget-container\">\n\t\t\t\t\t\t\t<p><strong>Description<\/strong><br \/>Ce projet consiste en la cr\u00e9ation d&rsquo;une s\u00e9rie d&rsquo;illustrations pour un conte pour enfants, destin\u00e9es \u00e0 donner vie \u00e0 l&rsquo;histoire et \u00e0 captiver l&rsquo;imagination des jeunes lecteurs. Chaque illustration refl\u00e8te un ton joyeux et magique \u00e0 travers des couleurs vives, des personnages expressifs et des d\u00e9cors d\u00e9taill\u00e9s.<\/p><p><strong>Probl\u00e8me<\/strong><br \/>Les livres pour enfants doivent offrir une exp\u00e9rience visuelle engageante pour stimuler l&rsquo;attention et la curiosit\u00e9 des jeunes lecteurs. Trouver un \u00e9quilibre entre esth\u00e9tique et accessibilit\u00e9 est essentiel pour rendre l&rsquo;histoire immersive.<\/p><p><strong>Objectif<\/strong><br \/>Concevoir des illustrations qui enrichissent l&rsquo;histoire, facilitent l&rsquo;immersion des enfants dans l&rsquo;univers narratif et les encouragent \u00e0 explorer leur propre imagination.<\/p><p><strong>M\u00e9thodologie et Processus<\/strong><\/p><ol><li><strong>Recherche :<\/strong> Analyse du ton et du style du conte.<\/li><li><strong>Conception :<\/strong> D\u00e9veloppement d&rsquo;un style graphique accessible et charmant.<\/li><li><strong>Illustration :<\/strong> Cr\u00e9ation de personnages expressifs et de d\u00e9cors immersifs.<\/li><li><strong>Finalisation :<\/strong> Ajustements des couleurs et des d\u00e9tails pour assurer coh\u00e9rence et attrait visuel.<\/li><\/ol><p><strong>R\u00e9sultats<\/strong><br \/>Les illustrations captivent les jeunes lecteurs en stimulant leur imagination et en renfor\u00e7ant leur immersion dans l&rsquo;histoire.<\/p><p><strong>Conclusion<\/strong><br \/>Ce projet d\u00e9montre l&rsquo;importance d&rsquo;un design visuel adapt\u00e9 aux enfants, combinant esth\u00e9tique et narration pour cr\u00e9er une exp\u00e9rience de lecture engageante et inspirante.<\/p>\t\t\t\t\t\t<\/div>\n\t\t\t\t<\/div>\n\t\t\t\t<\/div>\n\t\t<div class=\"elementor-element elementor-element-7abd640 e-con-full e-flex e-con e-child\" data-id=\"7abd640\" data-element_type=\"container\" data-settings=\"{&quot;background_background&quot;:&quot;classic&quot;}\">\n\t\t\t\t<div class=\"elementor-element elementor-element-c3be778 elementor-widget elementor-widget-image\" data-id=\"c3be778\" data-element_type=\"widget\" data-widget_type=\"image.default\">\n\t\t\t\t<div class=\"elementor-widget-container\">\n\t\t\t\t\t\t\t\t\t\t\t\t\t<img fetchpriority=\"high\" decoding=\"async\" width=\"800\" height=\"534\" src=\"https:\/\/mmi-tarbes.fr\/JorgePortfolio\/wp-content\/uploads\/2024\/11\/6-1024x683.png\" class=\"attachment-large size-large wp-image-254\" alt=\"\" srcset=\"https:\/\/mmi-tarbes.fr\/JorgePortfolio\/wp-content\/uploads\/2024\/11\/6-1024x683.png 1024w, https:\/\/mmi-tarbes.fr\/JorgePortfolio\/wp-content\/uploads\/2024\/11\/6-300x200.png 300w, https:\/\/mmi-tarbes.fr\/JorgePortfolio\/wp-content\/uploads\/2024\/11\/6-768x512.png 768w, https:\/\/mmi-tarbes.fr\/JorgePortfolio\/wp-content\/uploads\/2024\/11\/6-1536x1024.png 1536w, https:\/\/mmi-tarbes.fr\/JorgePortfolio\/wp-content\/uploads\/2024\/11\/6-2048x1365.png 2048w\" sizes=\"(max-width: 800px) 100vw, 800px\" \/>\t\t\t\t\t\t\t\t\t\t\t\t\t<\/div>\n\t\t\t\t<\/div>\n\t\t\t\t<\/div>\n\t\t\t\t\t<\/div>\n\t\t\t\t<\/div>\n\t\t<div class=\"elementor-element elementor-element-bcbd133 e-flex e-con-boxed e-con e-parent\" data-id=\"bcbd133\" data-element_type=\"container\">\n\t\t\t\t\t<div class=\"e-con-inner\">\n\t\t\t\t<div class=\"elementor-element elementor-element-ea09db4 elementor-widget elementor-widget-heading\" data-id=\"ea09db4\" data-element_type=\"widget\" data-widget_type=\"heading.default\">\n\t\t\t\t<div class=\"elementor-widget-container\">\n\t\t\t<h1 class=\"elementor-heading-title elementor-size-default\">Illustration d'histoires pour enfants (Avril 2024)<\/h1>\t\t<\/div>\n\t\t\t\t<\/div>\n\t\t\t\t<div class=\"elementor-element elementor-element-ce7cf13 elementor-align-right elementor-widget elementor-widget-button\" data-id=\"ce7cf13\" data-element_type=\"widget\" data-widget_type=\"button.default\">\n\t\t\t\t<div class=\"elementor-widget-container\">\n\t\t\t\t\t<div class=\"elementor-button-wrapper\">\n\t\t\t<a class=\"elementor-button elementor-button-link elementor-size-sm\" href=\"\/JorgePortfolio\/portfolio\/design-et-illustration-editorial\/\">\n\t\t\t\t\t\t<span class=\"elementor-button-content-wrapper\">\n\t\t\t\t\t\t\t\t\t<span class=\"elementor-button-text\"><<\/span>\n\t\t\t\t\t<\/span>\n\t\t\t\t\t<\/a>\n\t\t<\/div>\n\t\t\t\t<\/div>\n\t\t\t\t<\/div>\n\t\t\t\t\t<\/div>\n\t\t\t\t<\/div>\n\t\t\t\t<\/div>\n\t\t","protected":false},"excerpt":{"rendered":"<p>Illustration d&rsquo;histoires pour enfants (Avril 2024) < DescriptionCe projet consiste en la cr\u00e9ation d&rsquo;une s\u00e9rie d&rsquo;illustrations pour un conte pour enfants, destin\u00e9es \u00e0 donner vie \u00e0 l&rsquo;histoire et \u00e0 captiver l&rsquo;imagination des jeunes lecteurs. Chaque illustration refl\u00e8te un ton joyeux et magique \u00e0 travers des couleurs vives, des personnages expressifs et des d\u00e9cors d\u00e9taill\u00e9s. Probl\u00e8meLes [&hellip;]\n<\/p>\n","protected":false},"author":1,"featured_media":0,"parent":0,"menu_order":0,"comment_status":"closed","ping_status":"closed","template":"","meta":{"footnotes":""},"class_list":["post-555","page","type-page","status-publish","hentry"],"_links":{"self":[{"href":"https:\/\/mmi-tarbes.fr\/JorgePortfolio\/wp-json\/wp\/v2\/pages\/555","targetHints":{"allow":["GET"]}}],"collection":[{"href":"https:\/\/mmi-tarbes.fr\/JorgePortfolio\/wp-json\/wp\/v2\/pages"}],"about":[{"href":"https:\/\/mmi-tarbes.fr\/JorgePortfolio\/wp-json\/wp\/v2\/types\/page"}],"author":[{"embeddable":true,"href":"https:\/\/mmi-tarbes.fr\/JorgePortfolio\/wp-json\/wp\/v2\/users\/1"}],"replies":[{"embeddable":true,"href":"https:\/\/mmi-tarbes.fr\/JorgePortfolio\/wp-json\/wp\/v2\/comments?post=555"}],"version-history":[{"count":28,"href":"https:\/\/mmi-tarbes.fr\/JorgePortfolio\/wp-json\/wp\/v2\/pages\/555\/revisions"}],"predecessor-version":[{"id":746,"href":"https:\/\/mmi-tarbes.fr\/JorgePortfolio\/wp-json\/wp\/v2\/pages\/555\/revisions\/746"}],"wp:attachment":[{"href":"https:\/\/mmi-tarbes.fr\/JorgePortfolio\/wp-json\/wp\/v2\/media?parent=555"}],"curies":[{"name":"wp","href":"https:\/\/api.w.org\/{rel}","templated":true}]}}